{"id":284,"date":"2023-10-30T15:29:25","date_gmt":"2023-10-30T14:29:25","guid":{"rendered":"https:\/\/www.teatrocomunalemodena.it\/lang\/?page_id=284"},"modified":"2024-10-23T14:21:46","modified_gmt":"2024-10-23T12:21:46","slug":"music","status":"publish","type":"page","link":"https:\/\/www.teatrocomunalemodena.it\/lang\/en\/music\/","title":{"rendered":"Music"},"content":{"rendered":"[vc_row type=&#8221;full_width_background&#8221; full_screen_row_position=&#8221;middle&#8221; column_margin=&#8221;default&#8221; equal_height=&#8221;yes&#8221; content_placement=&#8221;bottom&#8221; column_direction=&#8221;default&#8221; column_direction_tablet=&#8221;default&#8221; column_direction_phone=&#8221;default&#8221; bg_color=&#8221;#cc5d33&#8243; bg_image=&#8221;286&#8243; bg_position=&#8221;left top&#8221; background_image_loading=&#8221;lazy-load&#8221; bg_repeat=&#8221;no-repeat&#8221; scene_position=&#8221;center&#8221; top_padding=&#8221;256&#8243; bottom_padding=&#8221;64&#8243; text_color=&#8221;light&#8221; text_align=&#8221;left&#8221; row_border_radius=&#8221;none&#8221; row_border_radius_applies=&#8221;bg&#8221; overflow=&#8221;visible&#8221; id=&#8221;hero&#8221; color_overlay=&#8221;#cc5d33&#8243; overlay_strength=&#8221;0.8&#8243; gradient_direction=&#8221;left_to_right&#8221; shape_divider_position=&#8221;bottom&#8221; bg_image_animation=&#8221;none&#8221; parallax_bg=&#8221;true&#8221; parallax_bg_speed=&#8221;fast&#8221; shape_type=&#8221;curve&#8221; gradient_type=&#8221;default&#8221;][vc_column column_padding=&#8221;no-extra-padding&#8221; column_padding_tablet=&#8221;inherit&#8221; column_padding_phone=&#8221;inherit&#8221; column_padding_position=&#8221;all&#8221; column_element_direction_desktop=&#8221;default&#8221; column_element_spacing=&#8221;default&#8221; centered_text=&#8221;true&#8221; desktop_text_alignment=&#8221;default&#8221; tablet_text_alignment=&#8221;default&#8221; phone_text_alignment=&#8221;default&#8221; background_color_opacity=&#8221;1&#8243; background_hover_color_opacity=&#8221;1&#8243; column_backdrop_filter=&#8221;none&#8221; column_shadow=&#8221;none&#8221; column_border_radius=&#8221;none&#8221; column_link_target=&#8221;_self&#8221; column_position=&#8221;default&#8221; gradient_direction=&#8221;left_to_right&#8221; overlay_strength=&#8221;0.3&#8243; width=&#8221;1\/1&#8243; tablet_width_inherit=&#8221;default&#8221; animation_type=&#8221;default&#8221; bg_image_animation=&#8221;none&#8221; border_type=&#8221;simple&#8221; column_border_width=&#8221;none&#8221; column_border_style=&#8221;solid&#8221;][vc_row_inner column_margin=&#8221;none&#8221; column_direction=&#8221;default&#8221; column_direction_tablet=&#8221;default&#8221; column_direction_phone=&#8221;default&#8221; text_align=&#8221;left&#8221; row_position=&#8221;default&#8221; row_position_tablet=&#8221;inherit&#8221; row_position_phone=&#8221;inherit&#8221; overflow=&#8221;visible&#8221; pointer_events=&#8221;all&#8221;][vc_column_inner column_padding=&#8221;no-extra-padding&#8221; column_padding_tablet=&#8221;inherit&#8221; column_padding_phone=&#8221;inherit&#8221; column_padding_position=&#8221;all&#8221; column_element_direction_desktop=&#8221;default&#8221; column_element_spacing=&#8221;default&#8221; desktop_text_alignment=&#8221;default&#8221; tablet_text_alignment=&#8221;default&#8221; phone_text_alignment=&#8221;default&#8221; background_color_opacity=&#8221;1&#8243; background_hover_color_opacity=&#8221;1&#8243; column_backdrop_filter=&#8221;none&#8221; column_shadow=&#8221;none&#8221; column_border_radius=&#8221;none&#8221; column_link_target=&#8221;_self&#8221; overflow=&#8221;visible&#8221; gradient_direction=&#8221;left_to_right&#8221; overlay_strength=&#8221;0.3&#8243; width=&#8221;1\/1&#8243; tablet_width_inherit=&#8221;default&#8221; animation_type=&#8221;default&#8221; enable_animation=&#8221;true&#8221; animation=&#8221;fade-in-from-bottom&#8221; animation_easing=&#8221;default&#8221; bg_image_animation=&#8221;none&#8221; border_type=&#8221;simple&#8221; column_border_width=&#8221;none&#8221; column_border_style=&#8221;solid&#8221; column_padding_type=&#8221;default&#8221; gradient_type=&#8221;default&#8221;][vc_column_text]\n<h1>Music<\/h1>\n[\/vc_column_text][\/vc_column_inner][\/vc_row_inner][\/vc_column][\/vc_row][vc_row type=&#8221;full_width_background&#8221; full_screen_row_position=&#8221;middle&#8221; column_margin=&#8221;default&#8221; column_direction=&#8221;default&#8221; column_direction_tablet=&#8221;default&#8221; column_direction_phone=&#8221;default&#8221; bg_color=&#8221;#f5f5f5&#8243; scene_position=&#8221;center&#8221; top_padding=&#8221;96&#8243; bottom_padding=&#8221;96&#8243; text_color=&#8221;dark&#8221; text_align=&#8221;left&#8221; row_border_radius=&#8221;none&#8221; row_border_radius_applies=&#8221;bg&#8221; overflow=&#8221;visible&#8221; overlay_strength=&#8221;0.3&#8243; gradient_direction=&#8221;left_to_right&#8221; shape_divider_position=&#8221;bottom&#8221; bg_image_animation=&#8221;none&#8221; gradient_type=&#8221;default&#8221; shape_type=&#8221;&#8221;][vc_column column_padding=&#8221;no-extra-padding&#8221; column_padding_tablet=&#8221;inherit&#8221; column_padding_phone=&#8221;inherit&#8221; column_padding_position=&#8221;all&#8221; column_element_direction_desktop=&#8221;default&#8221; column_element_spacing=&#8221;default&#8221; desktop_text_alignment=&#8221;default&#8221; tablet_text_alignment=&#8221;default&#8221; phone_text_alignment=&#8221;default&#8221; background_color_opacity=&#8221;1&#8243; background_hover_color_opacity=&#8221;1&#8243; column_backdrop_filter=&#8221;none&#8221; column_shadow=&#8221;none&#8221; column_border_radius=&#8221;none&#8221; column_link_target=&#8221;_self&#8221; column_position=&#8221;default&#8221; gradient_direction=&#8221;left_to_right&#8221; overlay_strength=&#8221;0.3&#8243; width=&#8221;1\/1&#8243; tablet_width_inherit=&#8221;default&#8221; animation_type=&#8221;default&#8221; bg_image_animation=&#8221;none&#8221; border_type=&#8221;simple&#8221; column_border_width=&#8221;none&#8221; column_border_style=&#8221;solid&#8221;][split_line_heading animation_type=&#8221;line-reveal-by-space&#8221; font_style=&#8221;h1&#8243; line_reveal_by_space_text_effect=&#8221;default&#8221; content_alignment=&#8221;center&#8221; mobile_content_alignment=&#8221;center&#8221; link_target=&#8221;_self&#8221; text_content=&#8221;Performances 2025\/2026&#8243; text_direction=&#8221;default&#8221;][\/split_line_heading][vc_row_inner disable_element=&#8221;yes&#8221; column_margin=&#8221;default&#8221; column_direction=&#8221;default&#8221; column_direction_tablet=&#8221;default&#8221; column_direction_phone=&#8221;default&#8221; bottom_padding=&#8221;64&#8243; text_align=&#8221;left&#8221; row_position=&#8221;default&#8221; row_position_tablet=&#8221;inherit&#8221; row_position_phone=&#8221;inherit&#8221; overflow=&#8221;visible&#8221; pointer_events=&#8221;all&#8221;][vc_column_inner column_padding=&#8221;no-extra-padding&#8221; column_padding_tablet=&#8221;inherit&#8221; column_padding_phone=&#8221;inherit&#8221; column_padding_position=&#8221;all&#8221; column_element_direction_desktop=&#8221;default&#8221; column_element_spacing=&#8221;default&#8221; centered_text=&#8221;true&#8221; desktop_text_alignment=&#8221;default&#8221; tablet_text_alignment=&#8221;default&#8221; phone_text_alignment=&#8221;default&#8221; background_color_opacity=&#8221;1&#8243; background_hover_color_opacity=&#8221;1&#8243; column_backdrop_filter=&#8221;none&#8221; column_shadow=&#8221;none&#8221; column_border_radius=&#8221;none&#8221; column_link_target=&#8221;_self&#8221; overflow=&#8221;visible&#8221; gradient_direction=&#8221;left_to_right&#8221; overlay_strength=&#8221;0.3&#8243; width=&#8221;1\/1&#8243; tablet_width_inherit=&#8221;default&#8221; animation_type=&#8221;default&#8221; bg_image_animation=&#8221;none&#8221; border_type=&#8221;simple&#8221; column_border_width=&#8221;none&#8221; column_border_style=&#8221;solid&#8221; column_padding_type=&#8221;default&#8221; gradient_type=&#8221;default&#8221;][split_line_heading animation_type=&#8221;default&#8221;]\n<h1>The shows<\/h1>\n[\/split_line_heading][\/vc_column_inner][\/vc_row_inner][vc_row_inner equal_height=&#8221;yes&#8221; content_placement=&#8221;top&#8221; column_margin=&#8221;default&#8221; column_direction=&#8221;default&#8221; column_direction_tablet=&#8221;default&#8221; column_direction_phone=&#8221;default&#8221; text_align=&#8221;left&#8221; row_position=&#8221;default&#8221; row_position_tablet=&#8221;inherit&#8221; row_position_phone=&#8221;inherit&#8221; overflow=&#8221;visible&#8221; pointer_events=&#8221;all&#8221; class=&#8221;tm__singleresult&#8221;][vc_column_inner top_padding_desktop=&#8221;16&#8243; constrain_group_100=&#8221;yes&#8221; bottom_padding_desktop=&#8221;16&#8243; left_padding_desktop=&#8221;16&#8243; constrain_group_101=&#8221;yes&#8221; right_padding_desktop=&#8221;16&#8243; column_element_direction_desktop=&#8221;default&#8221; column_element_spacing=&#8221;default&#8221; desktop_text_alignment=&#8221;default&#8221; tablet_text_alignment=&#8221;default&#8221; phone_text_alignment=&#8221;default&#8221; background_color_opacity=&#8221;1&#8243; background_hover_color_opacity=&#8221;1&#8243; background_image=&#8221;685&#8243; background_image_position=&#8221;center center&#8221; background_image_stacking=&#8221;default&#8221; enable_bg_scale=&#8221;true&#8221; background_image_loading=&#8221;lazy-load&#8221; column_backdrop_filter=&#8221;none&#8221; font_color=&#8221;#ffffff&#8221; column_shadow=&#8221;none&#8221; column_border_radius=&#8221;none&#8221; column_link_target=&#8221;_self&#8221; overflow=&#8221;visible&#8221; enable_gradient=&#8221;true&#8221; color_overlay=&#8221;rgba(0,0,0,0.33)&#8221; color_overlay_2=&#8221;#000000&#8243; gradient_direction=&#8221;top_to_bottom&#8221; overlay_strength=&#8221;0.5&#8243; width=&#8221;1\/2&#8243; tablet_width_inherit=&#8221;default&#8221; animation_type=&#8221;default&#8221; bg_image_animation=&#8221;none&#8221; border_type=&#8221;simple&#8221; column_border_width=&#8221;none&#8221; column_border_style=&#8221;solid&#8221; column_padding_type=&#8221;advanced&#8221; gradient_type=&#8221;default&#8221;][divider line_type=&#8221;No Line&#8221; custom_height=&#8221;320&#8243;][\/vc_column_inner][vc_column_inner column_padding=&#8221;padding-5-percent&#8221; column_padding_tablet=&#8221;inherit&#8221; column_padding_phone=&#8221;inherit&#8221; column_padding_position=&#8221;all&#8221; column_element_direction_desktop=&#8221;default&#8221; column_element_spacing=&#8221;default&#8221; desktop_text_alignment=&#8221;default&#8221; tablet_text_alignment=&#8221;default&#8221; phone_text_alignment=&#8221;default&#8221; background_color_opacity=&#8221;1&#8243; background_hover_color_opacity=&#8221;1&#8243; column_backdrop_filter=&#8221;none&#8221; column_shadow=&#8221;none&#8221; column_border_radius=&#8221;none&#8221; column_link_target=&#8221;_self&#8221; overflow=&#8221;visible&#8221; gradient_direction=&#8221;left_to_right&#8221; overlay_strength=&#8221;0.3&#8243; width=&#8221;1\/2&#8243; tablet_width_inherit=&#8221;default&#8221; animation_type=&#8221;default&#8221; bg_image_animation=&#8221;none&#8221; border_type=&#8221;simple&#8221; column_border_width=&#8221;none&#8221; column_border_style=&#8221;solid&#8221; column_padding_type=&#8221;default&#8221; gradient_type=&#8221;default&#8221;][vc_column_text css=&#8221;&#8221; text_direction=&#8221;default&#8221;]\n<h3 data-start=\"3236\" data-end=\"3280\"><strong data-start=\"3240\" data-end=\"3278\">Savaria Symphony Orchestra Concert<\/strong><\/h3>\n<p data-start=\"3281\" data-end=\"3311\"><em data-start=\"3281\" data-end=\"3309\">Savaria Symphony Orchestra<\/em><\/p>\n<article class=\"text-token-text-primary w-full focus:outline-none scroll-mt-[calc(var(--header-height)+min(200px,max(70px,20svh)))]\" dir=\"auto\" tabindex=\"-1\" data-turn-id=\"request-WEB:ff8244a5-4f87-4a6a-a7af-889732526b90-14\" data-testid=\"conversation-turn-30\" data-scroll-anchor=\"false\" data-turn=\"assistant\">\n<div class=\"text-base my-auto mx-auto [--thread-content-margin:--spacing(4)] thread-sm:[--thread-content-margin:--spacing(6)] thread-lg:[--thread-content-margin:--spacing(16)] px-(--thread-content-margin)\">\n<div class=\"[--thread-content-max-width:40rem] thread-lg:[--thread-content-max-width:48rem] mx-auto max-w-(--thread-content-max-width) flex-1 group\/turn-messages focus-visible:outline-hidden relative flex w-full min-w-0 flex-col agent-turn\" tabindex=\"-1\">\n<div class=\"flex max-w-full flex-col grow\">\n<div class=\"min-h-8 text-message relative flex w-full flex-col items-end gap-2 text-start break-words whitespace-normal [.text-message+&amp;]:mt-5\" dir=\"auto\" data-message-author-role=\"assistant\" data-message-id=\"cb613d69-383f-4400-a8cb-1f2f72834690\" data-message-model-slug=\"gpt-5-mini\">\n<div class=\"flex w-full flex-col gap-1 empty:hidden first:pt-[3px]\">\n<div class=\"markdown prose dark:prose-invert w-full break-words light markdown-new-styling\">\n<p data-start=\"76\" data-end=\"126\" data-is-last-node=\"\" data-is-only-node=\"\"><span style=\"color: #000000;\">Tuesday, October 28, 2025 &#8211; 8:30 PM<\/span><\/p>\n<\/div>\n<\/div>\n<\/div>\n<\/div>\n<div class=\"flex min-h-[46px] justify-start\"><\/div>\n<\/div>\n<\/div>\n<\/article>\n<hr data-start=\"3313\" data-end=\"3316\" \/>\n<p data-start=\"3318\" data-end=\"3335\"><strong data-start=\"3318\" data-end=\"3333\">Performers:<\/strong><\/p>\n<ul data-start=\"3337\" data-end=\"3391\">\n<li data-start=\"3337\" data-end=\"3366\">\n<p data-start=\"3339\" data-end=\"3366\">Conductor: K\u00e1lm\u00e1n Szennai<\/p>\n<\/li>\n<li data-start=\"3367\" data-end=\"3391\">\n<p data-start=\"3369\" data-end=\"3391\">Piano: Anna Fedorova<\/p>\n<\/li>\n<\/ul>\n<hr data-start=\"3393\" data-end=\"3396\" \/>\n<p data-start=\"3398\" data-end=\"3412\"><strong data-start=\"3398\" data-end=\"3410\">Program:<\/strong><\/p>\n<ul data-start=\"3414\" data-end=\"3577\">\n<li data-start=\"3414\" data-end=\"3457\">\n<p data-start=\"3416\" data-end=\"3457\">Ludwig van Beethoven: Coriolan Overture<\/p>\n<\/li>\n<li data-start=\"3458\" data-end=\"3512\">\n<p data-start=\"3460\" data-end=\"3512\">Robert Schumann: Piano Concerto in A minor, Op. 54<\/p>\n<\/li>\n<li data-start=\"3513\" data-end=\"3577\">\n<p data-start=\"3515\" data-end=\"3577\">Ludwig van Beethoven: Symphony No. 4 in B-flat major, Op. 60<\/p>\n<\/li>\n<\/ul>\n[\/vc_column_text][divider line_type=&#8221;No Line&#8221; custom_height=&#8221;32&#8243;][nectar_cta btn_style=&#8221;arrow-animation&#8221; heading_tag=&#8221;h6&#8243; button_color=&#8221;default&#8221; text_color=&#8221;#000000&#8243; button_border_color=&#8221;#cccccc&#8221; button_border_color_hover=&#8221;#0a0a0a&#8221; button_border_thickness=&#8221;1px&#8221; link_type=&#8221;new_tab&#8221; alignment=&#8221;left&#8221; alignment_tablet=&#8221;default&#8221; alignment_phone=&#8221;default&#8221; constrain_group_3=&#8221;yes&#8221; constrain_group_4=&#8221;yes&#8221; display=&#8221;inline&#8221; display_tablet=&#8221;inline-block&#8221; display_phone=&#8221;inline-block&#8221; link_text=&#8221;Details&#8221; margin_top=&#8221;30&#8243; padding_top=&#8221;10&#8243; padding_bottom=&#8221;10&#8243; padding_left=&#8221;20&#8243; padding_right=&#8221;20&#8243; url=&#8221;https:\/\/www.teatrocomunalemodena.it\/spettacolo\/savaria-symphony-orchestra\/&#8221; margin_right=&#8221;5&#8243;][nectar_cta btn_style=&#8221;arrow-animation&#8221; heading_tag=&#8221;h6&#8243; button_color=&#8221;default&#8221; text_color=&#8221;#000000&#8243; button_border_color=&#8221;#cccccc&#8221; button_border_color_hover=&#8221;#0a0a0a&#8221; button_border_thickness=&#8221;1px&#8221; link_type=&#8221;new_tab&#8221; alignment=&#8221;left&#8221; alignment_tablet=&#8221;default&#8221; alignment_phone=&#8221;default&#8221; constrain_group_3=&#8221;yes&#8221; constrain_group_4=&#8221;yes&#8221; display=&#8221;inline&#8221; display_tablet=&#8221;inline-block&#8221; display_phone=&#8221;inline-block&#8221; link_text=&#8221;Buy online&#8221; margin_top=&#8221;30&#8243; padding_top=&#8221;10&#8243; padding_bottom=&#8221;10&#8243; padding_left=&#8221;20&#8243; padding_right=&#8221;20&#8243; url=&#8221;https:\/\/teatrocomunalemodena.vivaticket.it\/it\/event\/savaria-symphony-orchestra-kalman-szennai\/284639&#8243;][\/vc_column_inner][\/vc_row_inner][vc_row_inner equal_height=&#8221;yes&#8221; content_placement=&#8221;top&#8221; column_margin=&#8221;default&#8221; column_direction=&#8221;default&#8221; column_direction_tablet=&#8221;default&#8221; column_direction_phone=&#8221;default&#8221; text_align=&#8221;left&#8221; row_position=&#8221;default&#8221; row_position_tablet=&#8221;inherit&#8221; row_position_phone=&#8221;inherit&#8221; overflow=&#8221;visible&#8221; pointer_events=&#8221;all&#8221; class=&#8221;tm__singleresult&#8221;][vc_column_inner top_padding_desktop=&#8221;16&#8243; constrain_group_100=&#8221;yes&#8221; bottom_padding_desktop=&#8221;16&#8243; left_padding_desktop=&#8221;16&#8243; constrain_group_101=&#8221;yes&#8221; right_padding_desktop=&#8221;16&#8243; column_element_direction_desktop=&#8221;default&#8221; column_element_spacing=&#8221;default&#8221; desktop_text_alignment=&#8221;default&#8221; tablet_text_alignment=&#8221;default&#8221; phone_text_alignment=&#8221;default&#8221; background_color_opacity=&#8221;1&#8243; background_hover_color_opacity=&#8221;1&#8243; background_image=&#8221;683&#8243; background_image_position=&#8221;center center&#8221; background_image_stacking=&#8221;default&#8221; enable_bg_scale=&#8221;true&#8221; background_image_loading=&#8221;lazy-load&#8221; column_backdrop_filter=&#8221;none&#8221; font_color=&#8221;#ffffff&#8221; column_shadow=&#8221;none&#8221; column_border_radius=&#8221;none&#8221; column_link_target=&#8221;_self&#8221; overflow=&#8221;visible&#8221; enable_gradient=&#8221;true&#8221; color_overlay=&#8221;rgba(0,0,0,0.33)&#8221; color_overlay_2=&#8221;#000000&#8243; gradient_direction=&#8221;top_to_bottom&#8221; overlay_strength=&#8221;0.5&#8243; width=&#8221;1\/2&#8243; tablet_width_inherit=&#8221;default&#8221; animation_type=&#8221;default&#8221; bg_image_animation=&#8221;none&#8221; border_type=&#8221;simple&#8221; column_border_width=&#8221;none&#8221; column_border_style=&#8221;solid&#8221; column_padding_type=&#8221;advanced&#8221; gradient_type=&#8221;default&#8221;][divider line_type=&#8221;No Line&#8221; custom_height=&#8221;320&#8243;][\/vc_column_inner][vc_column_inner column_padding=&#8221;padding-5-percent&#8221; column_padding_tablet=&#8221;inherit&#8221; column_padding_phone=&#8221;inherit&#8221; column_padding_position=&#8221;all&#8221; column_element_direction_desktop=&#8221;default&#8221; column_element_spacing=&#8221;default&#8221; desktop_text_alignment=&#8221;default&#8221; tablet_text_alignment=&#8221;default&#8221; phone_text_alignment=&#8221;default&#8221; background_color_opacity=&#8221;1&#8243; background_hover_color_opacity=&#8221;1&#8243; column_backdrop_filter=&#8221;none&#8221; column_shadow=&#8221;none&#8221; column_border_radius=&#8221;none&#8221; column_link_target=&#8221;_self&#8221; overflow=&#8221;visible&#8221; gradient_direction=&#8221;left_to_right&#8221; overlay_strength=&#8221;0.3&#8243; width=&#8221;1\/2&#8243; tablet_width_inherit=&#8221;default&#8221; animation_type=&#8221;default&#8221; bg_image_animation=&#8221;none&#8221; border_type=&#8221;simple&#8221; column_border_width=&#8221;none&#8221; column_border_style=&#8221;solid&#8221; column_padding_type=&#8221;default&#8221; gradient_type=&#8221;default&#8221;][vc_column_text css=&#8221;&#8221; text_direction=&#8221;default&#8221;]\n<h3 data-start=\"3584\" data-end=\"3643\"><strong data-start=\"3588\" data-end=\"3641\">Filarmonica del Teatro Comunale di Modena Concert<\/strong><\/h3>\n<p data-start=\"3644\" data-end=\"3689\"><em data-start=\"3644\" data-end=\"3687\">Filarmonica del Teatro Comunale di Modena<\/em><\/p>\n<article class=\"text-token-text-primary w-full focus:outline-none scroll-mt-[calc(var(--header-height)+min(200px,max(70px,20svh)))]\" dir=\"auto\" tabindex=\"-1\" data-turn-id=\"request-WEB:ff8244a5-4f87-4a6a-a7af-889732526b90-15\" data-testid=\"conversation-turn-32\" data-scroll-anchor=\"false\" data-turn=\"assistant\">\n<div class=\"text-base my-auto mx-auto [--thread-content-margin:--spacing(4)] thread-sm:[--thread-content-margin:--spacing(6)] thread-lg:[--thread-content-margin:--spacing(16)] px-(--thread-content-margin)\">\n<div class=\"[--thread-content-max-width:40rem] thread-lg:[--thread-content-max-width:48rem] mx-auto max-w-(--thread-content-max-width) flex-1 group\/turn-messages focus-visible:outline-hidden relative flex w-full min-w-0 flex-col agent-turn\" tabindex=\"-1\">\n<div class=\"flex max-w-full flex-col grow\">\n<div class=\"min-h-8 text-message relative flex w-full flex-col items-end gap-2 text-start break-words whitespace-normal [.text-message+&amp;]:mt-5\" dir=\"auto\" data-message-author-role=\"assistant\" data-message-id=\"4bd1e4bc-b82e-4020-a13d-578062c6be62\" data-message-model-slug=\"gpt-5-mini\">\n<div class=\"flex w-full flex-col gap-1 empty:hidden first:pt-[3px]\">\n<div class=\"markdown prose dark:prose-invert w-full break-words light markdown-new-styling\">\n<p data-start=\"75\" data-end=\"124\" data-is-last-node=\"\" data-is-only-node=\"\"><span style=\"color: #000000;\">Sunday, November 9, 2025 &#8211; 8:30 PM<\/span><\/p>\n<\/div>\n<\/div>\n<\/div>\n<\/div>\n<div class=\"flex min-h-[46px] justify-start\"><\/div>\n<\/div>\n<\/div>\n<\/article>\n<hr data-start=\"3691\" data-end=\"3694\" \/>\n<p data-start=\"3696\" data-end=\"3713\"><strong data-start=\"3696\" data-end=\"3711\">Performers:<\/strong><\/p>\n<ul data-start=\"3715\" data-end=\"3770\">\n<li data-start=\"3715\" data-end=\"3746\">\n<p data-start=\"3717\" data-end=\"3746\">Conductor: Hirofumi Yoshida<\/p>\n<\/li>\n<li data-start=\"3747\" data-end=\"3770\">\n<p data-start=\"3749\" data-end=\"3770\">Violin: Karen Gomyo<\/p>\n<\/li>\n<\/ul>\n<hr data-start=\"3772\" data-end=\"3775\" \/>\n<p data-start=\"3777\" data-end=\"3791\"><strong data-start=\"3777\" data-end=\"3789\">Program:<\/strong><\/p>\n<ul data-start=\"3793\" data-end=\"3910\">\n<li data-start=\"3793\" data-end=\"3846\">\n<p data-start=\"3795\" data-end=\"3846\">Jean Sibelius: Violin Concerto in D minor, Op. 47<\/p>\n<\/li>\n<li data-start=\"3847\" data-end=\"3910\">\n<p data-start=\"3849\" data-end=\"3910\">Pyotr Ilyich Tchaikovsky: Symphony No. 5 in E minor, Op. 64<\/p>\n<\/li>\n<\/ul>\n[\/vc_column_text][divider line_type=&#8221;No Line&#8221; custom_height=&#8221;32&#8243;][nectar_cta btn_style=&#8221;arrow-animation&#8221; heading_tag=&#8221;h6&#8243; button_color=&#8221;default&#8221; text_color=&#8221;#000000&#8243; button_border_color=&#8221;#cccccc&#8221; button_border_color_hover=&#8221;#0a0a0a&#8221; button_border_thickness=&#8221;1px&#8221; link_type=&#8221;new_tab&#8221; alignment=&#8221;left&#8221; alignment_tablet=&#8221;default&#8221; alignment_phone=&#8221;default&#8221; constrain_group_3=&#8221;yes&#8221; constrain_group_4=&#8221;yes&#8221; display=&#8221;inline&#8221; display_tablet=&#8221;inline-block&#8221; display_phone=&#8221;inline-block&#8221; link_text=&#8221;Details&#8221; margin_top=&#8221;30&#8243; padding_top=&#8221;10&#8243; padding_bottom=&#8221;10&#8243; padding_left=&#8221;20&#8243; padding_right=&#8221;20&#8243; url=&#8221;https:\/\/www.teatrocomunalemodena.it\/spettacolo\/filarmonica-del-teatro-comunale-di-modena-3\/&#8221; margin_right=&#8221;5&#8243;][nectar_cta btn_style=&#8221;arrow-animation&#8221; heading_tag=&#8221;h6&#8243; button_color=&#8221;default&#8221; text_color=&#8221;#000000&#8243; button_border_color=&#8221;#cccccc&#8221; button_border_color_hover=&#8221;#0a0a0a&#8221; button_border_thickness=&#8221;1px&#8221; link_type=&#8221;new_tab&#8221; alignment=&#8221;left&#8221; alignment_tablet=&#8221;default&#8221; alignment_phone=&#8221;default&#8221; constrain_group_3=&#8221;yes&#8221; constrain_group_4=&#8221;yes&#8221; display=&#8221;inline&#8221; display_tablet=&#8221;inline-block&#8221; display_phone=&#8221;inline-block&#8221; link_text=&#8221;Buy online&#8221; margin_top=&#8221;30&#8243; padding_top=&#8221;10&#8243; padding_bottom=&#8221;10&#8243; padding_left=&#8221;20&#8243; padding_right=&#8221;20&#8243; url=&#8221;https:\/\/teatrocomunalemodena.vivaticket.it\/it\/event\/filarmonica-del-teatro-comunale-di-modena-h-yoshida-k-gomyo\/284640&#8243;][\/vc_column_inner][\/vc_row_inner][vc_row_inner equal_height=&#8221;yes&#8221; content_placement=&#8221;top&#8221; column_margin=&#8221;default&#8221; column_direction=&#8221;default&#8221; column_direction_tablet=&#8221;default&#8221; column_direction_phone=&#8221;default&#8221; text_align=&#8221;left&#8221; row_position=&#8221;default&#8221; row_position_tablet=&#8221;inherit&#8221; row_position_phone=&#8221;inherit&#8221; overflow=&#8221;visible&#8221; pointer_events=&#8221;all&#8221; class=&#8221;tm__singleresult&#8221;][vc_column_inner top_padding_desktop=&#8221;16&#8243; constrain_group_100=&#8221;yes&#8221; bottom_padding_desktop=&#8221;16&#8243; left_padding_desktop=&#8221;16&#8243; constrain_group_101=&#8221;yes&#8221; right_padding_desktop=&#8221;16&#8243; column_element_direction_desktop=&#8221;default&#8221; column_element_spacing=&#8221;default&#8221; desktop_text_alignment=&#8221;default&#8221; tablet_text_alignment=&#8221;default&#8221; phone_text_alignment=&#8221;default&#8221; background_color_opacity=&#8221;1&#8243; background_hover_color_opacity=&#8221;1&#8243; background_image=&#8221;750&#8243; background_image_position=&#8221;center center&#8221; background_image_stacking=&#8221;default&#8221; enable_bg_scale=&#8221;true&#8221; background_image_loading=&#8221;lazy-load&#8221; column_backdrop_filter=&#8221;none&#8221; font_color=&#8221;#ffffff&#8221; column_shadow=&#8221;none&#8221; column_border_radius=&#8221;none&#8221; column_link_target=&#8221;_self&#8221; overflow=&#8221;visible&#8221; enable_gradient=&#8221;true&#8221; color_overlay=&#8221;rgba(0,0,0,0.33)&#8221; color_overlay_2=&#8221;#000000&#8243; gradient_direction=&#8221;top_to_bottom&#8221; overlay_strength=&#8221;0.5&#8243; width=&#8221;1\/2&#8243; tablet_width_inherit=&#8221;default&#8221; animation_type=&#8221;default&#8221; bg_image_animation=&#8221;none&#8221; border_type=&#8221;simple&#8221; column_border_width=&#8221;none&#8221; column_border_style=&#8221;solid&#8221; column_padding_type=&#8221;advanced&#8221; gradient_type=&#8221;default&#8221;][divider line_type=&#8221;No Line&#8221; custom_height=&#8221;320&#8243;][\/vc_column_inner][vc_column_inner column_padding=&#8221;padding-5-percent&#8221; column_padding_tablet=&#8221;inherit&#8221; column_padding_phone=&#8221;inherit&#8221; column_padding_position=&#8221;all&#8221; column_element_direction_desktop=&#8221;default&#8221; column_element_spacing=&#8221;default&#8221; desktop_text_alignment=&#8221;default&#8221; tablet_text_alignment=&#8221;default&#8221; phone_text_alignment=&#8221;default&#8221; background_color_opacity=&#8221;1&#8243; background_hover_color_opacity=&#8221;1&#8243; column_backdrop_filter=&#8221;none&#8221; column_shadow=&#8221;none&#8221; column_border_radius=&#8221;none&#8221; column_link_target=&#8221;_self&#8221; overflow=&#8221;visible&#8221; gradient_direction=&#8221;left_to_right&#8221; overlay_strength=&#8221;0.3&#8243; width=&#8221;1\/2&#8243; tablet_width_inherit=&#8221;default&#8221; animation_type=&#8221;default&#8221; bg_image_animation=&#8221;none&#8221; border_type=&#8221;simple&#8221; column_border_width=&#8221;none&#8221; column_border_style=&#8221;solid&#8221; column_padding_type=&#8221;default&#8221; gradient_type=&#8221;default&#8221;][vc_column_text css=&#8221;&#8221; text_direction=&#8221;default&#8221;]\n<h3 data-start=\"122\" data-end=\"144\"><strong data-start=\"122\" data-end=\"142\">Orchestra Mozart<\/strong><\/h3>\n<p data-start=\"146\" data-end=\"222\">Pavarotti-Freni Municipal Theatre<br data-start=\"179\" data-end=\"182\" \/><strong data-start=\"182\" data-end=\"220\">Friday, December 5, 2025 \u2013 8:30 PM<\/strong><\/p>\n<hr data-start=\"224\" data-end=\"227\" \/>\n<p data-start=\"229\" data-end=\"282\"><strong data-start=\"229\" data-end=\"249\">Orchestra Mozart<\/strong><br data-start=\"249\" data-end=\"252\" \/><strong data-start=\"252\" data-end=\"266\">Conductor:<\/strong> Daniele Gatti<\/p>\n<p data-start=\"284\" data-end=\"298\"><strong data-start=\"284\" data-end=\"296\">Program:<\/strong><\/p>\n<ul data-start=\"299\" data-end=\"498\">\n<li data-start=\"299\" data-end=\"336\">\n<p data-start=\"301\" data-end=\"336\">Igor Stravinsky \u2013 <em data-start=\"319\" data-end=\"334\">Symphony in C<\/em><\/p>\n<\/li>\n<li data-start=\"337\" data-end=\"351\">\n<p data-start=\"339\" data-end=\"351\"><em data-start=\"339\" data-end=\"349\">Interval<\/em><\/p>\n<\/li>\n<li data-start=\"352\" data-end=\"426\">\n<p data-start=\"354\" data-end=\"426\">Franz Joseph Haydn \u2013 <em data-start=\"375\" data-end=\"424\">Symphony No. 82 in C Major, \u201cL\u2019orso\u201d (The Bear)<\/em><\/p>\n<\/li>\n<li data-start=\"427\" data-end=\"498\">\n<p data-start=\"429\" data-end=\"498\">Sergei Prokofiev \u2013 <em data-start=\"448\" data-end=\"496\">Symphony No. 1 in D Major, Op. 25, \u201cClassical\u201d<\/em><\/p>\n<\/li>\n<\/ul>\n[\/vc_column_text][divider line_type=&#8221;No Line&#8221; custom_height=&#8221;32&#8243;][nectar_cta btn_style=&#8221;arrow-animation&#8221; heading_tag=&#8221;h6&#8243; button_color=&#8221;default&#8221; text_color=&#8221;#000000&#8243; button_border_color=&#8221;#cccccc&#8221; button_border_color_hover=&#8221;#0a0a0a&#8221; button_border_thickness=&#8221;1px&#8221; link_type=&#8221;new_tab&#8221; alignment=&#8221;left&#8221; alignment_tablet=&#8221;default&#8221; alignment_phone=&#8221;default&#8221; constrain_group_3=&#8221;yes&#8221; constrain_group_4=&#8221;yes&#8221; display=&#8221;inline&#8221; display_tablet=&#8221;inline-block&#8221; display_phone=&#8221;inline-block&#8221; link_text=&#8221;Details&#8221; margin_top=&#8221;30&#8243; padding_top=&#8221;10&#8243; padding_bottom=&#8221;10&#8243; padding_left=&#8221;20&#8243; padding_right=&#8221;20&#8243; url=&#8221;https:\/\/www.teatrocomunalemodena.it\/spettacolo\/orchestra-mozart\/&#8221; margin_right=&#8221;5&#8243;][nectar_cta btn_style=&#8221;arrow-animation&#8221; heading_tag=&#8221;h6&#8243; button_color=&#8221;default&#8221; text_color=&#8221;#000000&#8243; button_border_color=&#8221;#cccccc&#8221; button_border_color_hover=&#8221;#0a0a0a&#8221; button_border_thickness=&#8221;1px&#8221; link_type=&#8221;new_tab&#8221; alignment=&#8221;left&#8221; alignment_tablet=&#8221;default&#8221; alignment_phone=&#8221;default&#8221; constrain_group_3=&#8221;yes&#8221; constrain_group_4=&#8221;yes&#8221; display=&#8221;inline&#8221; display_tablet=&#8221;inline-block&#8221; display_phone=&#8221;inline-block&#8221; link_text=&#8221;Buy online&#8221; margin_top=&#8221;30&#8243; padding_top=&#8221;10&#8243; padding_bottom=&#8221;10&#8243; padding_left=&#8221;20&#8243; padding_right=&#8221;20&#8243; url=&#8221;https:\/\/teatrocomunalemodena.vivaticket.it\/it\/event\/orchestra-mozart-daniele-gatti\/284608?qubsq=838b5f4b-abf9-47c1-b21a-5448f03eb66e&amp;qubsp=8ce9dd69-999a-46a4-9932-46970c938f9a&amp;qubsts=1760975735&amp;qubsc=bestunion&amp;qubse=vivaticketserver&amp;qubsrt=Safetynet&amp;qubsh=f608f8eaae49aa59b5f43dcb8e8d5aae&#8221;][\/vc_column_inner][\/vc_row_inner][vc_row_inner equal_height=&#8221;yes&#8221; content_placement=&#8221;top&#8221; column_margin=&#8221;default&#8221; column_direction=&#8221;default&#8221; column_direction_tablet=&#8221;default&#8221; column_direction_phone=&#8221;default&#8221; text_align=&#8221;left&#8221; row_position=&#8221;default&#8221; row_position_tablet=&#8221;inherit&#8221; row_position_phone=&#8221;inherit&#8221; overflow=&#8221;visible&#8221; pointer_events=&#8221;all&#8221; class=&#8221;tm__singleresult&#8221;][vc_column_inner top_padding_desktop=&#8221;16&#8243; constrain_group_100=&#8221;yes&#8221; bottom_padding_desktop=&#8221;16&#8243; left_padding_desktop=&#8221;16&#8243; constrain_group_101=&#8221;yes&#8221; right_padding_desktop=&#8221;16&#8243; column_element_direction_desktop=&#8221;default&#8221; column_element_spacing=&#8221;default&#8221; desktop_text_alignment=&#8221;default&#8221; tablet_text_alignment=&#8221;default&#8221; phone_text_alignment=&#8221;default&#8221; background_color_opacity=&#8221;1&#8243; background_hover_color_opacity=&#8221;1&#8243; background_image=&#8221;748&#8243; background_image_position=&#8221;center center&#8221; background_image_stacking=&#8221;default&#8221; enable_bg_scale=&#8221;true&#8221; background_image_loading=&#8221;lazy-load&#8221; column_backdrop_filter=&#8221;none&#8221; font_color=&#8221;#ffffff&#8221; column_shadow=&#8221;none&#8221; column_border_radius=&#8221;none&#8221; column_link_target=&#8221;_self&#8221; overflow=&#8221;visible&#8221; enable_gradient=&#8221;true&#8221; color_overlay=&#8221;rgba(0,0,0,0.33)&#8221; color_overlay_2=&#8221;#000000&#8243; gradient_direction=&#8221;top_to_bottom&#8221; overlay_strength=&#8221;0.5&#8243; width=&#8221;1\/2&#8243; tablet_width_inherit=&#8221;default&#8221; animation_type=&#8221;default&#8221; bg_image_animation=&#8221;none&#8221; border_type=&#8221;simple&#8221; column_border_width=&#8221;none&#8221; column_border_style=&#8221;solid&#8221; column_padding_type=&#8221;advanced&#8221; gradient_type=&#8221;default&#8221;][divider line_type=&#8221;No Line&#8221; custom_height=&#8221;320&#8243;][\/vc_column_inner][vc_column_inner column_padding=&#8221;padding-5-percent&#8221; column_padding_tablet=&#8221;inherit&#8221; column_padding_phone=&#8221;inherit&#8221; column_padding_position=&#8221;all&#8221; column_element_direction_desktop=&#8221;default&#8221; column_element_spacing=&#8221;default&#8221; desktop_text_alignment=&#8221;default&#8221; tablet_text_alignment=&#8221;default&#8221; phone_text_alignment=&#8221;default&#8221; background_color_opacity=&#8221;1&#8243; background_hover_color_opacity=&#8221;1&#8243; column_backdrop_filter=&#8221;none&#8221; column_shadow=&#8221;none&#8221; column_border_radius=&#8221;none&#8221; column_link_target=&#8221;_self&#8221; overflow=&#8221;visible&#8221; gradient_direction=&#8221;left_to_right&#8221; overlay_strength=&#8221;0.3&#8243; width=&#8221;1\/2&#8243; tablet_width_inherit=&#8221;default&#8221; animation_type=&#8221;default&#8221; bg_image_animation=&#8221;none&#8221; border_type=&#8221;simple&#8221; column_border_width=&#8221;none&#8221; column_border_style=&#8221;solid&#8221; column_padding_type=&#8221;default&#8221; gradient_type=&#8221;default&#8221;][vc_column_text css=&#8221;&#8221; text_direction=&#8221;default&#8221;]\n<h3 data-start=\"80\" data-end=\"120\"><strong data-start=\"80\" data-end=\"118\">Johann Sebastian Bach \u2013 Magnificat<\/strong><\/h3>\n<p data-start=\"122\" data-end=\"199\">Pavarotti-Freni Municipal Theatre<br data-start=\"155\" data-end=\"158\" \/><strong data-start=\"158\" data-end=\"197\">Sunday, December 21, 2025 \u2013 8:30 PM<\/strong><\/p>\n<hr data-start=\"201\" data-end=\"204\" \/>\n<p data-start=\"206\" data-end=\"302\"><strong data-start=\"206\" data-end=\"226\">Bach: Magnificat<\/strong><br data-start=\"226\" data-end=\"229\" \/><strong data-start=\"229\" data-end=\"257\">Music Director and Bass:<\/strong> Lionel Meunier<br data-start=\"272\" data-end=\"275\" \/><strong data-start=\"275\" data-end=\"288\">Ensemble:<\/strong> Vox Luminis<\/p>\n<p data-start=\"304\" data-end=\"318\"><strong data-start=\"304\" data-end=\"316\">Program:<\/strong><\/p>\n<ul data-start=\"319\" data-end=\"511\">\n<li data-start=\"319\" data-end=\"386\">\n<p data-start=\"321\" data-end=\"386\">Georg Philipp Telemann \u2013 <em data-start=\"346\" data-end=\"372\">Uns ist ein Kind geboren<\/em>, TWV 1:1454<\/p>\n<\/li>\n<li data-start=\"387\" data-end=\"461\">\n<p data-start=\"389\" data-end=\"461\">Johann Sebastian Bach \u2013 <em data-start=\"413\" data-end=\"451\">Cantata \u201cChristen, \u00e4tzet diesen Tag\u201d<\/em>, BWV 63<\/p>\n<\/li>\n<li data-start=\"462\" data-end=\"511\">\n<p data-start=\"464\" data-end=\"511\">Johann Sebastian Bach \u2013 <em data-start=\"488\" data-end=\"500\">Magnificat<\/em>, BWV 243<\/p>\n<\/li>\n<\/ul>\n[\/vc_column_text][divider line_type=&#8221;No Line&#8221; custom_height=&#8221;32&#8243;][nectar_cta btn_style=&#8221;arrow-animation&#8221; heading_tag=&#8221;h6&#8243; button_color=&#8221;default&#8221; text_color=&#8221;#000000&#8243; button_border_color=&#8221;#cccccc&#8221; button_border_color_hover=&#8221;#0a0a0a&#8221; button_border_thickness=&#8221;1px&#8221; link_type=&#8221;new_tab&#8221; alignment=&#8221;left&#8221; alignment_tablet=&#8221;default&#8221; alignment_phone=&#8221;default&#8221; constrain_group_3=&#8221;yes&#8221; constrain_group_4=&#8221;yes&#8221; display=&#8221;inline&#8221; display_tablet=&#8221;inline-block&#8221; display_phone=&#8221;inline-block&#8221; link_text=&#8221;Details&#8221; margin_top=&#8221;30&#8243; padding_top=&#8221;10&#8243; padding_bottom=&#8221;10&#8243; padding_left=&#8221;20&#8243; padding_right=&#8221;20&#8243; url=&#8221;https:\/\/www.teatrocomunalemodena.it\/spettacolo\/bach-magnificat\/&#8221; margin_right=&#8221;5&#8243;][nectar_cta btn_style=&#8221;arrow-animation&#8221; heading_tag=&#8221;h6&#8243; button_color=&#8221;default&#8221; text_color=&#8221;#000000&#8243; button_border_color=&#8221;#cccccc&#8221; button_border_color_hover=&#8221;#0a0a0a&#8221; button_border_thickness=&#8221;1px&#8221; link_type=&#8221;new_tab&#8221; alignment=&#8221;left&#8221; alignment_tablet=&#8221;default&#8221; alignment_phone=&#8221;default&#8221; constrain_group_3=&#8221;yes&#8221; constrain_group_4=&#8221;yes&#8221; display=&#8221;inline&#8221; display_tablet=&#8221;inline-block&#8221; display_phone=&#8221;inline-block&#8221; link_text=&#8221;Buy online&#8221; margin_top=&#8221;30&#8243; padding_top=&#8221;10&#8243; padding_bottom=&#8221;10&#8243; padding_left=&#8221;20&#8243; padding_right=&#8221;20&#8243; url=&#8221;https:\/\/teatrocomunalemodena.vivaticket.it\/it\/event\/bach-magnificat\/284634&#8243;][\/vc_column_inner][\/vc_row_inner][vc_row_inner equal_height=&#8221;yes&#8221; content_placement=&#8221;top&#8221; column_margin=&#8221;default&#8221; column_direction=&#8221;default&#8221; column_direction_tablet=&#8221;default&#8221; column_direction_phone=&#8221;default&#8221; text_align=&#8221;left&#8221; row_position=&#8221;default&#8221; row_position_tablet=&#8221;inherit&#8221; row_position_phone=&#8221;inherit&#8221; overflow=&#8221;visible&#8221; pointer_events=&#8221;all&#8221; class=&#8221;tm__singleresult&#8221;][vc_column_inner top_padding_desktop=&#8221;16&#8243; constrain_group_100=&#8221;yes&#8221; bottom_padding_desktop=&#8221;16&#8243; left_padding_desktop=&#8221;16&#8243; constrain_group_101=&#8221;yes&#8221; right_padding_desktop=&#8221;16&#8243; column_element_direction_desktop=&#8221;default&#8221; column_element_spacing=&#8221;default&#8221; desktop_text_alignment=&#8221;default&#8221; tablet_text_alignment=&#8221;default&#8221; phone_text_alignment=&#8221;default&#8221; background_color_opacity=&#8221;1&#8243; background_hover_color_opacity=&#8221;1&#8243; background_image=&#8221;746&#8243; background_image_position=&#8221;center center&#8221; background_image_stacking=&#8221;default&#8221; enable_bg_scale=&#8221;true&#8221; background_image_loading=&#8221;lazy-load&#8221; column_backdrop_filter=&#8221;none&#8221; font_color=&#8221;#ffffff&#8221; column_shadow=&#8221;none&#8221; column_border_radius=&#8221;none&#8221; column_link_target=&#8221;_self&#8221; overflow=&#8221;visible&#8221; enable_gradient=&#8221;true&#8221; color_overlay=&#8221;rgba(0,0,0,0.33)&#8221; color_overlay_2=&#8221;#000000&#8243; gradient_direction=&#8221;top_to_bottom&#8221; overlay_strength=&#8221;0.5&#8243; width=&#8221;1\/2&#8243; tablet_width_inherit=&#8221;default&#8221; animation_type=&#8221;default&#8221; bg_image_animation=&#8221;none&#8221; border_type=&#8221;simple&#8221; column_border_width=&#8221;none&#8221; column_border_style=&#8221;solid&#8221; column_padding_type=&#8221;advanced&#8221; gradient_type=&#8221;default&#8221;][divider line_type=&#8221;No Line&#8221; custom_height=&#8221;320&#8243;][\/vc_column_inner][vc_column_inner column_padding=&#8221;padding-5-percent&#8221; column_padding_tablet=&#8221;inherit&#8221; column_padding_phone=&#8221;inherit&#8221; column_padding_position=&#8221;all&#8221; column_element_direction_desktop=&#8221;default&#8221; column_element_spacing=&#8221;default&#8221; desktop_text_alignment=&#8221;default&#8221; tablet_text_alignment=&#8221;default&#8221; phone_text_alignment=&#8221;default&#8221; background_color_opacity=&#8221;1&#8243; background_hover_color_opacity=&#8221;1&#8243; column_backdrop_filter=&#8221;none&#8221; column_shadow=&#8221;none&#8221; column_border_radius=&#8221;none&#8221; column_link_target=&#8221;_self&#8221; overflow=&#8221;visible&#8221; gradient_direction=&#8221;left_to_right&#8221; overlay_strength=&#8221;0.3&#8243; width=&#8221;1\/2&#8243; tablet_width_inherit=&#8221;default&#8221; animation_type=&#8221;default&#8221; bg_image_animation=&#8221;none&#8221; border_type=&#8221;simple&#8221; column_border_width=&#8221;none&#8221; column_border_style=&#8221;solid&#8221; column_padding_type=&#8221;default&#8221; gradient_type=&#8221;default&#8221;][vc_column_text css=&#8221;&#8221; text_direction=&#8221;default&#8221;]\n<h3 data-start=\"129\" data-end=\"157\"><strong data-start=\"129\" data-end=\"155\">New Year\u2019s Eve Concert<\/strong><\/h3>\n<p data-start=\"159\" data-end=\"236\">Pavarotti-Freni Municipal Theatre<br data-start=\"192\" data-end=\"195\" \/><strong data-start=\"195\" data-end=\"234\">Thursday, January 1, 2026 \u2013 5:30 PM<\/strong><\/p>\n<hr data-start=\"238\" data-end=\"241\" \/>\n<p data-start=\"243\" data-end=\"380\"><strong data-start=\"243\" data-end=\"269\">New Year\u2019s Eve Concert<\/strong><br data-start=\"269\" data-end=\"272\" \/><strong data-start=\"272\" data-end=\"286\">Conductor:<\/strong> Hirofumi Yoshida<br data-start=\"303\" data-end=\"306\" \/><strong data-start=\"306\" data-end=\"320\">Orchestra:<\/strong> Philharmonic Orchestra of the Municipal Theatre of Modena<\/p>\n<p data-start=\"382\" data-end=\"465\"><strong data-start=\"382\" data-end=\"394\">Program:<\/strong><br data-start=\"394\" data-end=\"397\" \/>Music by <strong data-start=\"406\" data-end=\"424\">Johann Strauss<\/strong>, <strong data-start=\"426\" data-end=\"447\">Jacques Offenbach<\/strong>, <strong data-start=\"449\" data-end=\"465\">Joe Hisaishi<\/strong><\/p>\n[\/vc_column_text][divider line_type=&#8221;No Line&#8221; custom_height=&#8221;32&#8243;][nectar_cta btn_style=&#8221;arrow-animation&#8221; heading_tag=&#8221;h6&#8243; button_color=&#8221;default&#8221; text_color=&#8221;#000000&#8243; button_border_color=&#8221;#cccccc&#8221; button_border_color_hover=&#8221;#0a0a0a&#8221; button_border_thickness=&#8221;1px&#8221; link_type=&#8221;new_tab&#8221; alignment=&#8221;left&#8221; alignment_tablet=&#8221;default&#8221; alignment_phone=&#8221;default&#8221; constrain_group_3=&#8221;yes&#8221; constrain_group_4=&#8221;yes&#8221; display=&#8221;inline&#8221; display_tablet=&#8221;inline-block&#8221; display_phone=&#8221;inline-block&#8221; link_text=&#8221;Details&#8221; margin_top=&#8221;30&#8243; padding_top=&#8221;10&#8243; padding_bottom=&#8221;10&#8243; padding_left=&#8221;20&#8243; padding_right=&#8221;20&#8243; url=&#8221;https:\/\/www.teatrocomunalemodena.it\/spettacolo\/concerto-di-capodanno-2026\/&#8221; margin_right=&#8221;5&#8243;][nectar_cta btn_style=&#8221;arrow-animation&#8221; heading_tag=&#8221;h6&#8243; button_color=&#8221;default&#8221; text_color=&#8221;#000000&#8243; button_border_color=&#8221;#cccccc&#8221; button_border_color_hover=&#8221;#0a0a0a&#8221; button_border_thickness=&#8221;1px&#8221; link_type=&#8221;new_tab&#8221; alignment=&#8221;left&#8221; alignment_tablet=&#8221;default&#8221; alignment_phone=&#8221;default&#8221; constrain_group_3=&#8221;yes&#8221; constrain_group_4=&#8221;yes&#8221; display=&#8221;inline&#8221; display_tablet=&#8221;inline-block&#8221; display_phone=&#8221;inline-block&#8221; link_text=&#8221;Buy online&#8221; margin_top=&#8221;30&#8243; padding_top=&#8221;10&#8243; padding_bottom=&#8221;10&#8243; padding_left=&#8221;20&#8243; padding_right=&#8221;20&#8243; url=&#8221;https:\/\/teatrocomunalemodena.vivaticket.it\/it\/event\/concerto-di-capodanno-h-yoshida\/284605&#8243;][\/vc_column_inner][\/vc_row_inner][vc_row_inner equal_height=&#8221;yes&#8221; content_placement=&#8221;top&#8221; column_margin=&#8221;default&#8221; column_direction=&#8221;default&#8221; column_direction_tablet=&#8221;default&#8221; column_direction_phone=&#8221;default&#8221; text_align=&#8221;left&#8221; row_position=&#8221;default&#8221; row_position_tablet=&#8221;inherit&#8221; row_position_phone=&#8221;inherit&#8221; overflow=&#8221;visible&#8221; pointer_events=&#8221;all&#8221; class=&#8221;tm__singleresult&#8221;][vc_column_inner top_padding_desktop=&#8221;16&#8243; constrain_group_100=&#8221;yes&#8221; bottom_padding_desktop=&#8221;16&#8243; left_padding_desktop=&#8221;16&#8243; constrain_group_101=&#8221;yes&#8221; right_padding_desktop=&#8221;16&#8243; column_element_direction_desktop=&#8221;default&#8221; column_element_spacing=&#8221;default&#8221; desktop_text_alignment=&#8221;default&#8221; tablet_text_alignment=&#8221;default&#8221; phone_text_alignment=&#8221;default&#8221; background_color_opacity=&#8221;1&#8243; background_hover_color_opacity=&#8221;1&#8243; background_image=&#8221;744&#8243; background_image_position=&#8221;center center&#8221; background_image_stacking=&#8221;default&#8221; enable_bg_scale=&#8221;true&#8221; background_image_loading=&#8221;lazy-load&#8221; column_backdrop_filter=&#8221;none&#8221; font_color=&#8221;#ffffff&#8221; column_shadow=&#8221;none&#8221; column_border_radius=&#8221;none&#8221; column_link_target=&#8221;_self&#8221; overflow=&#8221;visible&#8221; enable_gradient=&#8221;true&#8221; color_overlay=&#8221;rgba(0,0,0,0.33)&#8221; color_overlay_2=&#8221;#000000&#8243; gradient_direction=&#8221;top_to_bottom&#8221; overlay_strength=&#8221;0.5&#8243; width=&#8221;1\/2&#8243; tablet_width_inherit=&#8221;default&#8221; animation_type=&#8221;default&#8221; bg_image_animation=&#8221;none&#8221; border_type=&#8221;simple&#8221; column_border_width=&#8221;none&#8221; column_border_style=&#8221;solid&#8221; column_padding_type=&#8221;advanced&#8221; gradient_type=&#8221;default&#8221;][divider line_type=&#8221;No Line&#8221; custom_height=&#8221;320&#8243;][\/vc_column_inner][vc_column_inner column_padding=&#8221;padding-5-percent&#8221; column_padding_tablet=&#8221;inherit&#8221; column_padding_phone=&#8221;inherit&#8221; column_padding_position=&#8221;all&#8221; column_element_direction_desktop=&#8221;default&#8221; column_element_spacing=&#8221;default&#8221; desktop_text_alignment=&#8221;default&#8221; tablet_text_alignment=&#8221;default&#8221; phone_text_alignment=&#8221;default&#8221; background_color_opacity=&#8221;1&#8243; background_hover_color_opacity=&#8221;1&#8243; column_backdrop_filter=&#8221;none&#8221; column_shadow=&#8221;none&#8221; column_border_radius=&#8221;none&#8221; column_link_target=&#8221;_self&#8221; overflow=&#8221;visible&#8221; gradient_direction=&#8221;left_to_right&#8221; overlay_strength=&#8221;0.3&#8243; width=&#8221;1\/2&#8243; tablet_width_inherit=&#8221;default&#8221; animation_type=&#8221;default&#8221; bg_image_animation=&#8221;none&#8221; border_type=&#8221;simple&#8221; column_border_width=&#8221;none&#8221; column_border_style=&#8221;solid&#8221; column_padding_type=&#8221;default&#8221; gradient_type=&#8221;default&#8221;][vc_column_text css=&#8221;&#8221; text_direction=&#8221;default&#8221;]\n<h3 data-start=\"93\" data-end=\"156\"><strong data-start=\"93\" data-end=\"154\">Philharmonic Orchestra of the Municipal Theatre of Modena<\/strong><\/h3>\n<p data-start=\"158\" data-end=\"236\">Pavarotti-Freni Municipal Theatre<br data-start=\"191\" data-end=\"194\" \/><strong data-start=\"194\" data-end=\"234\">Thursday, January 15, 2026 \u2013 8:30 PM<\/strong><\/p>\n<hr data-start=\"238\" data-end=\"241\" \/>\n<p data-start=\"243\" data-end=\"337\"><strong data-start=\"243\" data-end=\"304\">Philharmonic Orchestra of the Municipal Theatre of Modena<\/strong><br data-start=\"304\" data-end=\"307\" \/><strong data-start=\"307\" data-end=\"321\">Conductor:<\/strong> Anna Rakitina<\/p>\n<p data-start=\"339\" data-end=\"470\"><strong data-start=\"339\" data-end=\"351\">Program:<\/strong><br data-start=\"351\" data-end=\"354\" \/><strong data-start=\"354\" data-end=\"378\">LUDWIG VAN BEETHOVEN<\/strong> \u2013 <em data-start=\"381\" data-end=\"408\">Symphony No. 6 \u201cPastoral\u201d<\/em><br data-start=\"408\" data-end=\"411\" \/><strong data-start=\"411\" data-end=\"436\">P\u00cbTR IL\u2019I\u010c \u010cAJKOVSKIJ<\/strong> \u2013 <em data-start=\"439\" data-end=\"468\">Symphony No. 6 \u201cPath\u00e9tique\u201d<\/em><\/p>\n[\/vc_column_text][divider line_type=&#8221;No Line&#8221; custom_height=&#8221;32&#8243;][nectar_cta btn_style=&#8221;arrow-animation&#8221; heading_tag=&#8221;h6&#8243; button_color=&#8221;default&#8221; text_color=&#8221;#000000&#8243; button_border_color=&#8221;#cccccc&#8221; button_border_color_hover=&#8221;#0a0a0a&#8221; button_border_thickness=&#8221;1px&#8221; link_type=&#8221;new_tab&#8221; alignment=&#8221;left&#8221; alignment_tablet=&#8221;default&#8221; alignment_phone=&#8221;default&#8221; constrain_group_3=&#8221;yes&#8221; constrain_group_4=&#8221;yes&#8221; display=&#8221;inline&#8221; display_tablet=&#8221;inline-block&#8221; display_phone=&#8221;inline-block&#8221; link_text=&#8221;Details&#8221; margin_top=&#8221;30&#8243; padding_top=&#8221;10&#8243; padding_bottom=&#8221;10&#8243; padding_left=&#8221;20&#8243; padding_right=&#8221;20&#8243; url=&#8221;https:\/\/www.teatrocomunalemodena.it\/spettacolo\/filarmonica-del-teatro-comunale-di-modena-4\/&#8221; margin_right=&#8221;5&#8243;][nectar_cta btn_style=&#8221;arrow-animation&#8221; heading_tag=&#8221;h6&#8243; button_color=&#8221;default&#8221; text_color=&#8221;#000000&#8243; button_border_color=&#8221;#cccccc&#8221; button_border_color_hover=&#8221;#0a0a0a&#8221; button_border_thickness=&#8221;1px&#8221; link_type=&#8221;new_tab&#8221; alignment=&#8221;left&#8221; alignment_tablet=&#8221;default&#8221; alignment_phone=&#8221;default&#8221; constrain_group_3=&#8221;yes&#8221; constrain_group_4=&#8221;yes&#8221; display=&#8221;inline&#8221; display_tablet=&#8221;inline-block&#8221; display_phone=&#8221;inline-block&#8221; link_text=&#8221;Buy online&#8221; margin_top=&#8221;30&#8243; padding_top=&#8221;10&#8243; padding_bottom=&#8221;10&#8243; padding_left=&#8221;20&#8243; padding_right=&#8221;20&#8243; url=&#8221;https:\/\/teatrocomunalemodena.vivaticket.it\/it\/event\/filarmonica-del-teatro-comunale-di-modena-anna-rakitina\/284700&#8243;][\/vc_column_inner][\/vc_row_inner][vc_row_inner equal_height=&#8221;yes&#8221; content_placement=&#8221;top&#8221; column_margin=&#8221;default&#8221; column_direction=&#8221;default&#8221; column_direction_tablet=&#8221;default&#8221; column_direction_phone=&#8221;default&#8221; text_align=&#8221;left&#8221; row_position=&#8221;default&#8221; row_position_tablet=&#8221;inherit&#8221; row_position_phone=&#8221;inherit&#8221; overflow=&#8221;visible&#8221; pointer_events=&#8221;all&#8221; class=&#8221;tm__singleresult&#8221;][vc_column_inner top_padding_desktop=&#8221;16&#8243; constrain_group_100=&#8221;yes&#8221; bottom_padding_desktop=&#8221;16&#8243; left_padding_desktop=&#8221;16&#8243; constrain_group_101=&#8221;yes&#8221; right_padding_desktop=&#8221;16&#8243; column_element_direction_desktop=&#8221;default&#8221; column_element_spacing=&#8221;default&#8221; desktop_text_alignment=&#8221;default&#8221; tablet_text_alignment=&#8221;default&#8221; phone_text_alignment=&#8221;default&#8221; background_color_opacity=&#8221;1&#8243; background_hover_color_opacity=&#8221;1&#8243; background_image=&#8221;742&#8243; background_image_position=&#8221;center center&#8221; background_image_stacking=&#8221;default&#8221; enable_bg_scale=&#8221;true&#8221; background_image_loading=&#8221;lazy-load&#8221; column_backdrop_filter=&#8221;none&#8221; font_color=&#8221;#ffffff&#8221; column_shadow=&#8221;none&#8221; column_border_radius=&#8221;none&#8221; column_link_target=&#8221;_self&#8221; overflow=&#8221;visible&#8221; enable_gradient=&#8221;true&#8221; color_overlay=&#8221;rgba(0,0,0,0.33)&#8221; color_overlay_2=&#8221;#000000&#8243; gradient_direction=&#8221;top_to_bottom&#8221; overlay_strength=&#8221;0.5&#8243; width=&#8221;1\/2&#8243; tablet_width_inherit=&#8221;default&#8221; animation_type=&#8221;default&#8221; bg_image_animation=&#8221;none&#8221; border_type=&#8221;simple&#8221; column_border_width=&#8221;none&#8221; column_border_style=&#8221;solid&#8221; column_padding_type=&#8221;advanced&#8221; gradient_type=&#8221;default&#8221;][divider line_type=&#8221;No Line&#8221; custom_height=&#8221;320&#8243;][\/vc_column_inner][vc_column_inner column_padding=&#8221;padding-5-percent&#8221; column_padding_tablet=&#8221;inherit&#8221; column_padding_phone=&#8221;inherit&#8221; column_padding_position=&#8221;all&#8221; column_element_direction_desktop=&#8221;default&#8221; column_element_spacing=&#8221;default&#8221; desktop_text_alignment=&#8221;default&#8221; tablet_text_alignment=&#8221;default&#8221; phone_text_alignment=&#8221;default&#8221; background_color_opacity=&#8221;1&#8243; background_hover_color_opacity=&#8221;1&#8243; column_backdrop_filter=&#8221;none&#8221; column_shadow=&#8221;none&#8221; column_border_radius=&#8221;none&#8221; column_link_target=&#8221;_self&#8221; overflow=&#8221;visible&#8221; gradient_direction=&#8221;left_to_right&#8221; overlay_strength=&#8221;0.3&#8243; width=&#8221;1\/2&#8243; tablet_width_inherit=&#8221;default&#8221; animation_type=&#8221;default&#8221; bg_image_animation=&#8221;none&#8221; border_type=&#8221;simple&#8221; column_border_width=&#8221;none&#8221; column_border_style=&#8221;solid&#8221; column_padding_type=&#8221;default&#8221; gradient_type=&#8221;default&#8221;][vc_column_text css=&#8221;&#8221; text_direction=&#8221;default&#8221;]\n<h3 data-start=\"91\" data-end=\"127\"><strong data-start=\"91\" data-end=\"125\">Concert of Memory and Dialogue<\/strong><\/h3>\n<p data-start=\"129\" data-end=\"205\">Pavarotti-Freni Municipal Theatre<br data-start=\"162\" data-end=\"165\" \/><strong data-start=\"165\" data-end=\"203\">Sunday, January 25, 2026 \u2013 8:30 PM<\/strong><\/p>\n<hr data-start=\"207\" data-end=\"210\" \/>\n<p data-start=\"212\" data-end=\"269\"><strong data-start=\"212\" data-end=\"252\">Concerto della memoria e del dialogo<\/strong><br data-start=\"252\" data-end=\"255\" \/><em data-start=\"255\" data-end=\"267\">Apr\u00e8s tout<\/em><\/p>\n<p data-start=\"271\" data-end=\"396\"><strong data-start=\"271\" data-end=\"285\">Conductor:<\/strong> Mattia Dattolo<br data-start=\"300\" data-end=\"303\" \/><strong data-start=\"303\" data-end=\"313\">Texts:<\/strong> Elisa Primavera-L\u00e9vy<br data-start=\"334\" data-end=\"337\" \/><strong data-start=\"337\" data-end=\"347\">Music:<\/strong> Fabien L\u00e9vy<br data-start=\"359\" data-end=\"362\" \/><strong data-start=\"362\" data-end=\"379\">Introduction:<\/strong> Guido Barbieri<\/p>\n<p data-start=\"398\" data-end=\"435\"><strong data-start=\"398\" data-end=\"433\">WKO \u2013 Camerata degli Ammutinati<\/strong><\/p>\n<p data-start=\"437\" data-end=\"516\">In collaboration with <strong data-start=\"459\" data-end=\"514\">Amici della Musica \u201cMario Pedrazzi\u201d aps Association<\/strong><\/p>\n[\/vc_column_text][divider line_type=&#8221;No Line&#8221; custom_height=&#8221;32&#8243;][nectar_cta btn_style=&#8221;arrow-animation&#8221; heading_tag=&#8221;h6&#8243; button_color=&#8221;default&#8221; text_color=&#8221;#000000&#8243; button_border_color=&#8221;#cccccc&#8221; button_border_color_hover=&#8221;#0a0a0a&#8221; button_border_thickness=&#8221;1px&#8221; link_type=&#8221;new_tab&#8221; alignment=&#8221;left&#8221; alignment_tablet=&#8221;default&#8221; alignment_phone=&#8221;default&#8221; constrain_group_3=&#8221;yes&#8221; constrain_group_4=&#8221;yes&#8221; display=&#8221;inline&#8221; display_tablet=&#8221;inline-block&#8221; display_phone=&#8221;inline-block&#8221; link_text=&#8221;Details&#8221; margin_top=&#8221;30&#8243; padding_top=&#8221;10&#8243; padding_bottom=&#8221;10&#8243; padding_left=&#8221;20&#8243; padding_right=&#8221;20&#8243; url=&#8221;https:\/\/www.teatrocomunalemodena.it\/spettacolo\/concerto-della-memoria-e-del-dialogo-3\/&#8221; margin_right=&#8221;5&#8243;][nectar_cta btn_style=&#8221;arrow-animation&#8221; heading_tag=&#8221;h6&#8243; button_color=&#8221;default&#8221; text_color=&#8221;#000000&#8243; button_border_color=&#8221;#cccccc&#8221; button_border_color_hover=&#8221;#0a0a0a&#8221; button_border_thickness=&#8221;1px&#8221; link_type=&#8221;new_tab&#8221; alignment=&#8221;left&#8221; alignment_tablet=&#8221;default&#8221; alignment_phone=&#8221;default&#8221; constrain_group_3=&#8221;yes&#8221; constrain_group_4=&#8221;yes&#8221; display=&#8221;inline&#8221; display_tablet=&#8221;inline-block&#8221; display_phone=&#8221;inline-block&#8221; link_text=&#8221;Buy online&#8221; margin_top=&#8221;30&#8243; padding_top=&#8221;10&#8243; padding_bottom=&#8221;10&#8243; padding_left=&#8221;20&#8243; padding_right=&#8221;20&#8243; url=&#8221;https:\/\/teatrocomunalemodena.vivaticket.it\/it\/event\/apres-tout-concerto-della-memoria-e-del-dialogo\/284703&#8243;][\/vc_column_inner][\/vc_row_inner][vc_row_inner equal_height=&#8221;yes&#8221; content_placement=&#8221;top&#8221; column_margin=&#8221;default&#8221; column_direction=&#8221;default&#8221; column_direction_tablet=&#8221;default&#8221; column_direction_phone=&#8221;default&#8221; text_align=&#8221;left&#8221; row_position=&#8221;default&#8221; row_position_tablet=&#8221;inherit&#8221; row_position_phone=&#8221;inherit&#8221; overflow=&#8221;visible&#8221; pointer_events=&#8221;all&#8221; class=&#8221;tm__singleresult&#8221;][vc_column_inner top_padding_desktop=&#8221;16&#8243; constrain_group_100=&#8221;yes&#8221; bottom_padding_desktop=&#8221;16&#8243; left_padding_desktop=&#8221;16&#8243; constrain_group_101=&#8221;yes&#8221; right_padding_desktop=&#8221;16&#8243; column_element_direction_desktop=&#8221;default&#8221; column_element_spacing=&#8221;default&#8221; desktop_text_alignment=&#8221;default&#8221; tablet_text_alignment=&#8221;default&#8221; phone_text_alignment=&#8221;default&#8221; background_color_opacity=&#8221;1&#8243; background_hover_color_opacity=&#8221;1&#8243; background_image=&#8221;740&#8243; background_image_position=&#8221;center center&#8221; background_image_stacking=&#8221;default&#8221; enable_bg_scale=&#8221;true&#8221; background_image_loading=&#8221;lazy-load&#8221; column_backdrop_filter=&#8221;none&#8221; font_color=&#8221;#ffffff&#8221; column_shadow=&#8221;none&#8221; column_border_radius=&#8221;none&#8221; column_link_target=&#8221;_self&#8221; overflow=&#8221;visible&#8221; enable_gradient=&#8221;true&#8221; color_overlay=&#8221;rgba(0,0,0,0.33)&#8221; color_overlay_2=&#8221;#000000&#8243; gradient_direction=&#8221;top_to_bottom&#8221; overlay_strength=&#8221;0.5&#8243; width=&#8221;1\/2&#8243; tablet_width_inherit=&#8221;default&#8221; animation_type=&#8221;default&#8221; bg_image_animation=&#8221;none&#8221; border_type=&#8221;simple&#8221; column_border_width=&#8221;none&#8221; column_border_style=&#8221;solid&#8221; column_padding_type=&#8221;advanced&#8221; gradient_type=&#8221;default&#8221;][divider line_type=&#8221;No Line&#8221; custom_height=&#8221;320&#8243;][\/vc_column_inner][vc_column_inner column_padding=&#8221;padding-5-percent&#8221; column_padding_tablet=&#8221;inherit&#8221; column_padding_phone=&#8221;inherit&#8221; column_padding_position=&#8221;all&#8221; column_element_direction_desktop=&#8221;default&#8221; column_element_spacing=&#8221;default&#8221; desktop_text_alignment=&#8221;default&#8221; tablet_text_alignment=&#8221;default&#8221; phone_text_alignment=&#8221;default&#8221; background_color_opacity=&#8221;1&#8243; background_hover_color_opacity=&#8221;1&#8243; column_backdrop_filter=&#8221;none&#8221; column_shadow=&#8221;none&#8221; column_border_radius=&#8221;none&#8221; column_link_target=&#8221;_self&#8221; overflow=&#8221;visible&#8221; gradient_direction=&#8221;left_to_right&#8221; overlay_strength=&#8221;0.3&#8243; width=&#8221;1\/2&#8243; tablet_width_inherit=&#8221;default&#8221; animation_type=&#8221;default&#8221; bg_image_animation=&#8221;none&#8221; border_type=&#8221;simple&#8221; column_border_width=&#8221;none&#8221; column_border_style=&#8221;solid&#8221; column_padding_type=&#8221;default&#8221; gradient_type=&#8221;default&#8221;][vc_column_text css=&#8221;&#8221; text_direction=&#8221;default&#8221;]\n<h3 data-start=\"99\" data-end=\"126\"><strong data-start=\"99\" data-end=\"124\">Mahler \u2013 Resurrezione<\/strong><\/h3>\n<p data-start=\"128\" data-end=\"206\">Pavarotti-Freni Municipal Theatre<br data-start=\"161\" data-end=\"164\" \/><strong data-start=\"164\" data-end=\"204\">Saturday, February 7, 2026 \u2013 9:00 PM<\/strong><\/p>\n<hr data-start=\"208\" data-end=\"211\" \/>\n<p data-start=\"213\" data-end=\"239\"><strong data-start=\"213\" data-end=\"237\">Mahler: Resurrezione<\/strong><\/p>\n<p data-start=\"241\" data-end=\"357\"><strong data-start=\"241\" data-end=\"255\">Conductor:<\/strong> Kent Nagano<br data-start=\"267\" data-end=\"270\" \/><strong data-start=\"270\" data-end=\"313\">Arturo Toscanini Philharmonic Orchestra<\/strong><br data-start=\"313\" data-end=\"316\" \/><strong data-start=\"316\" data-end=\"355\">Chorus of the Teatro Regio of Parma<\/strong><\/p>\n<p data-start=\"359\" data-end=\"422\"><strong data-start=\"359\" data-end=\"376\">GUSTAV MAHLER<\/strong><br data-start=\"376\" data-end=\"379\" \/><em data-start=\"379\" data-end=\"420\">Symphony No.2 in C Minor \u201cResurrection\u201d<\/em><\/p>\n<p data-start=\"424\" data-end=\"454\"><em data-start=\"424\" data-end=\"452\">Dedicated to Matteo Beschi<\/em><\/p>\n[\/vc_column_text][divider line_type=&#8221;No Line&#8221; custom_height=&#8221;32&#8243;][nectar_cta btn_style=&#8221;arrow-animation&#8221; heading_tag=&#8221;h6&#8243; button_color=&#8221;default&#8221; text_color=&#8221;#000000&#8243; button_border_color=&#8221;#cccccc&#8221; button_border_color_hover=&#8221;#0a0a0a&#8221; button_border_thickness=&#8221;1px&#8221; link_type=&#8221;new_tab&#8221; alignment=&#8221;left&#8221; alignment_tablet=&#8221;default&#8221; alignment_phone=&#8221;default&#8221; constrain_group_3=&#8221;yes&#8221; constrain_group_4=&#8221;yes&#8221; display=&#8221;inline&#8221; display_tablet=&#8221;inline-block&#8221; display_phone=&#8221;inline-block&#8221; link_text=&#8221;Details&#8221; margin_top=&#8221;30&#8243; padding_top=&#8221;10&#8243; padding_bottom=&#8221;10&#8243; padding_left=&#8221;20&#8243; padding_right=&#8221;20&#8243; url=&#8221;https:\/\/www.teatrocomunalemodena.it\/spettacolo\/mahler-resurrezione\/&#8221; margin_right=&#8221;5&#8243;][nectar_cta btn_style=&#8221;arrow-animation&#8221; heading_tag=&#8221;h6&#8243; button_color=&#8221;default&#8221; text_color=&#8221;#000000&#8243; button_border_color=&#8221;#cccccc&#8221; button_border_color_hover=&#8221;#0a0a0a&#8221; button_border_thickness=&#8221;1px&#8221; link_type=&#8221;new_tab&#8221; alignment=&#8221;left&#8221; alignment_tablet=&#8221;default&#8221; alignment_phone=&#8221;default&#8221; constrain_group_3=&#8221;yes&#8221; constrain_group_4=&#8221;yes&#8221; display=&#8221;inline&#8221; display_tablet=&#8221;inline-block&#8221; display_phone=&#8221;inline-block&#8221; link_text=&#8221;Buy online&#8221; margin_top=&#8221;30&#8243; padding_top=&#8221;10&#8243; padding_bottom=&#8221;10&#8243; padding_left=&#8221;20&#8243; padding_right=&#8221;20&#8243; url=&#8221;https:\/\/teatrocomunalemodena.vivaticket.it\/it\/location\/teatro-comunale-luciano-pavarotti\/14895&#8243;][\/vc_column_inner][\/vc_row_inner][vc_row_inner equal_height=&#8221;yes&#8221; content_placement=&#8221;top&#8221; column_margin=&#8221;default&#8221; column_direction=&#8221;default&#8221; column_direction_tablet=&#8221;default&#8221; column_direction_phone=&#8221;default&#8221; text_align=&#8221;left&#8221; row_position=&#8221;default&#8221; row_position_tablet=&#8221;inherit&#8221; row_position_phone=&#8221;inherit&#8221; overflow=&#8221;visible&#8221; pointer_events=&#8221;all&#8221; class=&#8221;tm__singleresult&#8221;][vc_column_inner top_padding_desktop=&#8221;16&#8243; constrain_group_100=&#8221;yes&#8221; bottom_padding_desktop=&#8221;16&#8243; left_padding_desktop=&#8221;16&#8243; constrain_group_101=&#8221;yes&#8221; right_padding_desktop=&#8221;16&#8243; column_element_direction_desktop=&#8221;default&#8221; column_element_spacing=&#8221;default&#8221; desktop_text_alignment=&#8221;default&#8221; tablet_text_alignment=&#8221;default&#8221; phone_text_alignment=&#8221;default&#8221; background_color_opacity=&#8221;1&#8243; background_hover_color_opacity=&#8221;1&#8243; background_image=&#8221;738&#8243; background_image_position=&#8221;center center&#8221; background_image_stacking=&#8221;default&#8221; enable_bg_scale=&#8221;true&#8221; background_image_loading=&#8221;lazy-load&#8221; column_backdrop_filter=&#8221;none&#8221; font_color=&#8221;#ffffff&#8221; column_shadow=&#8221;none&#8221; column_border_radius=&#8221;none&#8221; column_link_target=&#8221;_self&#8221; overflow=&#8221;visible&#8221; enable_gradient=&#8221;true&#8221; color_overlay=&#8221;rgba(0,0,0,0.33)&#8221; color_overlay_2=&#8221;#000000&#8243; gradient_direction=&#8221;top_to_bottom&#8221; overlay_strength=&#8221;0.5&#8243; width=&#8221;1\/2&#8243; tablet_width_inherit=&#8221;default&#8221; animation_type=&#8221;default&#8221; bg_image_animation=&#8221;none&#8221; border_type=&#8221;simple&#8221; column_border_width=&#8221;none&#8221; column_border_style=&#8221;solid&#8221; column_padding_type=&#8221;advanced&#8221; gradient_type=&#8221;default&#8221;][divider line_type=&#8221;No Line&#8221; custom_height=&#8221;320&#8243;][\/vc_column_inner][vc_column_inner column_padding=&#8221;padding-5-percent&#8221; column_padding_tablet=&#8221;inherit&#8221; column_padding_phone=&#8221;inherit&#8221; column_padding_position=&#8221;all&#8221; column_element_direction_desktop=&#8221;default&#8221; column_element_spacing=&#8221;default&#8221; desktop_text_alignment=&#8221;default&#8221; tablet_text_alignment=&#8221;default&#8221; phone_text_alignment=&#8221;default&#8221; background_color_opacity=&#8221;1&#8243; background_hover_color_opacity=&#8221;1&#8243; column_backdrop_filter=&#8221;none&#8221; column_shadow=&#8221;none&#8221; column_border_radius=&#8221;none&#8221; column_link_target=&#8221;_self&#8221; overflow=&#8221;visible&#8221; gradient_direction=&#8221;left_to_right&#8221; overlay_strength=&#8221;0.3&#8243; width=&#8221;1\/2&#8243; tablet_width_inherit=&#8221;default&#8221; animation_type=&#8221;default&#8221; bg_image_animation=&#8221;none&#8221; border_type=&#8221;simple&#8221; column_border_width=&#8221;none&#8221; column_border_style=&#8221;solid&#8221; column_padding_type=&#8221;default&#8221; gradient_type=&#8221;default&#8221;][vc_column_text css=&#8221;&#8221; text_direction=&#8221;default&#8221;]\n<h3 data-start=\"64\" data-end=\"82\"><strong data-start=\"64\" data-end=\"80\">musicAeterna<\/strong><\/h3>\n<p data-start=\"84\" data-end=\"163\">Pavarotti-Freni Municipal Theatre<br data-start=\"117\" data-end=\"120\" \/><strong data-start=\"120\" data-end=\"161\">Thursday, February 12, 2026 \u2013 8:30 PM<\/strong><\/p>\n<hr data-start=\"165\" data-end=\"168\" \/>\n<p data-start=\"170\" data-end=\"188\"><strong data-start=\"170\" data-end=\"186\">musicAeterna<\/strong><\/p>\n<p data-start=\"190\" data-end=\"253\"><strong data-start=\"190\" data-end=\"204\">Conductor:<\/strong> Teodor Currentzis<br data-start=\"222\" data-end=\"225\" \/><strong data-start=\"225\" data-end=\"251\">musicAeterna Orchestra<\/strong><\/p>\n<p data-start=\"255\" data-end=\"299\"><strong data-start=\"255\" data-end=\"273\">RICHARD WAGNER<\/strong><br data-start=\"273\" data-end=\"276\" \/><em data-start=\"276\" data-end=\"297\">Der Ring ohne Worte<\/em><\/p>\n[\/vc_column_text][divider line_type=&#8221;No Line&#8221; custom_height=&#8221;32&#8243;][nectar_cta btn_style=&#8221;arrow-animation&#8221; heading_tag=&#8221;h6&#8243; button_color=&#8221;default&#8221; text_color=&#8221;#000000&#8243; button_border_color=&#8221;#cccccc&#8221; button_border_color_hover=&#8221;#0a0a0a&#8221; button_border_thickness=&#8221;1px&#8221; link_type=&#8221;new_tab&#8221; alignment=&#8221;left&#8221; alignment_tablet=&#8221;default&#8221; alignment_phone=&#8221;default&#8221; constrain_group_3=&#8221;yes&#8221; constrain_group_4=&#8221;yes&#8221; display=&#8221;inline&#8221; display_tablet=&#8221;inline-block&#8221; display_phone=&#8221;inline-block&#8221; link_text=&#8221;Details&#8221; margin_top=&#8221;30&#8243; padding_top=&#8221;10&#8243; padding_bottom=&#8221;10&#8243; padding_left=&#8221;20&#8243; padding_right=&#8221;20&#8243; url=&#8221;https:\/\/www.teatrocomunalemodena.it\/spettacolo\/musicaeterna\/&#8221; margin_right=&#8221;5&#8243;][nectar_cta btn_style=&#8221;arrow-animation&#8221; heading_tag=&#8221;h6&#8243; button_color=&#8221;default&#8221; text_color=&#8221;#000000&#8243; button_border_color=&#8221;#cccccc&#8221; button_border_color_hover=&#8221;#0a0a0a&#8221; button_border_thickness=&#8221;1px&#8221; link_type=&#8221;new_tab&#8221; alignment=&#8221;left&#8221; alignment_tablet=&#8221;default&#8221; alignment_phone=&#8221;default&#8221; constrain_group_3=&#8221;yes&#8221; constrain_group_4=&#8221;yes&#8221; display=&#8221;inline&#8221; display_tablet=&#8221;inline-block&#8221; display_phone=&#8221;inline-block&#8221; link_text=&#8221;Buy online&#8221; margin_top=&#8221;30&#8243; padding_top=&#8221;10&#8243; padding_bottom=&#8221;10&#8243; padding_left=&#8221;20&#8243; padding_right=&#8221;20&#8243; url=&#8221;https:\/\/teatrocomunalemodena.vivaticket.it\/it\/event\/musicaeterna-teodor-currenztis\/284610&#8243;][\/vc_column_inner][\/vc_row_inner][vc_row_inner equal_height=&#8221;yes&#8221; content_placement=&#8221;top&#8221; column_margin=&#8221;default&#8221; column_direction=&#8221;default&#8221; column_direction_tablet=&#8221;default&#8221; column_direction_phone=&#8221;default&#8221; text_align=&#8221;left&#8221; row_position=&#8221;default&#8221; row_position_tablet=&#8221;inherit&#8221; row_position_phone=&#8221;inherit&#8221; overflow=&#8221;visible&#8221; pointer_events=&#8221;all&#8221; class=&#8221;tm__singleresult&#8221;][vc_column_inner top_padding_desktop=&#8221;16&#8243; constrain_group_100=&#8221;yes&#8221; bottom_padding_desktop=&#8221;16&#8243; left_padding_desktop=&#8221;16&#8243; constrain_group_101=&#8221;yes&#8221; right_padding_desktop=&#8221;16&#8243; column_element_direction_desktop=&#8221;default&#8221; column_element_spacing=&#8221;default&#8221; desktop_text_alignment=&#8221;default&#8221; tablet_text_alignment=&#8221;default&#8221; phone_text_alignment=&#8221;default&#8221; background_color_opacity=&#8221;1&#8243; background_hover_color_opacity=&#8221;1&#8243; background_image=&#8221;754&#8243; background_image_position=&#8221;center center&#8221; background_image_stacking=&#8221;default&#8221; enable_bg_scale=&#8221;true&#8221; background_image_loading=&#8221;lazy-load&#8221; column_backdrop_filter=&#8221;none&#8221; font_color=&#8221;#ffffff&#8221; column_shadow=&#8221;none&#8221; column_border_radius=&#8221;none&#8221; column_link_target=&#8221;_self&#8221; overflow=&#8221;visible&#8221; enable_gradient=&#8221;true&#8221; color_overlay=&#8221;rgba(0,0,0,0.33)&#8221; color_overlay_2=&#8221;#000000&#8243; gradient_direction=&#8221;top_to_bottom&#8221; overlay_strength=&#8221;0.5&#8243; width=&#8221;1\/2&#8243; tablet_width_inherit=&#8221;default&#8221; animation_type=&#8221;default&#8221; bg_image_animation=&#8221;none&#8221; border_type=&#8221;simple&#8221; column_border_width=&#8221;none&#8221; column_border_style=&#8221;solid&#8221; column_padding_type=&#8221;advanced&#8221; gradient_type=&#8221;default&#8221;][divider line_type=&#8221;No Line&#8221; custom_height=&#8221;320&#8243;][\/vc_column_inner][vc_column_inner column_padding=&#8221;padding-5-percent&#8221; column_padding_tablet=&#8221;inherit&#8221; column_padding_phone=&#8221;inherit&#8221; column_padding_position=&#8221;all&#8221; column_element_direction_desktop=&#8221;default&#8221; column_element_spacing=&#8221;default&#8221; desktop_text_alignment=&#8221;default&#8221; tablet_text_alignment=&#8221;default&#8221; phone_text_alignment=&#8221;default&#8221; background_color_opacity=&#8221;1&#8243; background_hover_color_opacity=&#8221;1&#8243; column_backdrop_filter=&#8221;none&#8221; column_shadow=&#8221;none&#8221; column_border_radius=&#8221;none&#8221; column_link_target=&#8221;_self&#8221; overflow=&#8221;visible&#8221; gradient_direction=&#8221;left_to_right&#8221; overlay_strength=&#8221;0.3&#8243; width=&#8221;1\/2&#8243; tablet_width_inherit=&#8221;default&#8221; animation_type=&#8221;default&#8221; bg_image_animation=&#8221;none&#8221; border_type=&#8221;simple&#8221; column_border_width=&#8221;none&#8221; column_border_style=&#8221;solid&#8221; column_padding_type=&#8221;default&#8221; gradient_type=&#8221;default&#8221;][vc_column_text css=&#8221;&#8221; text_direction=&#8221;default&#8221;]\n<h3 data-start=\"85\" data-end=\"110\"><strong data-start=\"85\" data-end=\"108\">I Virtuosi Italiani<\/strong><\/h3>\n<p data-start=\"112\" data-end=\"189\">Pavarotti-Freni Municipal Theatre<br data-start=\"145\" data-end=\"148\" \/><strong data-start=\"148\" data-end=\"187\">Wednesday, March 11, 2026 \u2013 8:30 PM<\/strong><\/p>\n<hr data-start=\"191\" data-end=\"194\" \/>\n<p data-start=\"196\" data-end=\"305\"><strong data-start=\"196\" data-end=\"219\">I Virtuosi Italiani<\/strong><br data-start=\"219\" data-end=\"222\" \/><strong data-start=\"222\" data-end=\"257\">Conductor and Musical Director:<\/strong> Alberto Martini<br data-start=\"273\" data-end=\"276\" \/><strong data-start=\"276\" data-end=\"286\">Piano:<\/strong> Anna Kravtchenko<\/p>\n<p data-start=\"307\" data-end=\"402\"><strong data-start=\"307\" data-end=\"334\">WOLFGANG AMADEUS MOZART<\/strong><br data-start=\"334\" data-end=\"337\" \/><em data-start=\"337\" data-end=\"363\">Symphony K.81 in D Major<\/em><br data-start=\"363\" data-end=\"366\" \/><em data-start=\"366\" data-end=\"400\">Piano Concerto in C Major, K.467<\/em><\/p>\n<p data-start=\"404\" data-end=\"464\"><strong data-start=\"404\" data-end=\"423\">ANTONIO SALIERI<\/strong><br data-start=\"423\" data-end=\"426\" \/><em data-start=\"426\" data-end=\"462\">Symphony in D Major \u201cLa Veneziana\u201d<\/em><\/p>\n<p data-start=\"466\" data-end=\"532\"><strong data-start=\"466\" data-end=\"490\">LUDWIG VAN BEETHOVEN<\/strong><br data-start=\"490\" data-end=\"493\" \/><em data-start=\"493\" data-end=\"530\">Piano Concerto No.2 in B-flat Major<\/em><\/p>\n[\/vc_column_text][divider line_type=&#8221;No Line&#8221; custom_height=&#8221;32&#8243;][nectar_cta btn_style=&#8221;arrow-animation&#8221; heading_tag=&#8221;h6&#8243; button_color=&#8221;default&#8221; text_color=&#8221;#000000&#8243; button_border_color=&#8221;#cccccc&#8221; button_border_color_hover=&#8221;#0a0a0a&#8221; button_border_thickness=&#8221;1px&#8221; link_type=&#8221;new_tab&#8221; alignment=&#8221;left&#8221; alignment_tablet=&#8221;default&#8221; alignment_phone=&#8221;default&#8221; constrain_group_3=&#8221;yes&#8221; constrain_group_4=&#8221;yes&#8221; display=&#8221;inline&#8221; display_tablet=&#8221;inline-block&#8221; display_phone=&#8221;inline-block&#8221; link_text=&#8221;Details&#8221; margin_top=&#8221;30&#8243; padding_top=&#8221;10&#8243; padding_bottom=&#8221;10&#8243; padding_left=&#8221;20&#8243; padding_right=&#8221;20&#8243; url=&#8221;https:\/\/www.teatrocomunalemodena.it\/spettacolo\/i-virtuosi-italiani\/&#8221; margin_right=&#8221;5&#8243;][nectar_cta btn_style=&#8221;arrow-animation&#8221; heading_tag=&#8221;h6&#8243; button_color=&#8221;default&#8221; text_color=&#8221;#000000&#8243; button_border_color=&#8221;#cccccc&#8221; button_border_color_hover=&#8221;#0a0a0a&#8221; button_border_thickness=&#8221;1px&#8221; link_type=&#8221;new_tab&#8221; alignment=&#8221;left&#8221; alignment_tablet=&#8221;default&#8221; alignment_phone=&#8221;default&#8221; constrain_group_3=&#8221;yes&#8221; constrain_group_4=&#8221;yes&#8221; display=&#8221;inline&#8221; display_tablet=&#8221;inline-block&#8221; display_phone=&#8221;inline-block&#8221; link_text=&#8221;Buy online&#8221; margin_top=&#8221;30&#8243; padding_top=&#8221;10&#8243; padding_bottom=&#8221;10&#8243; padding_left=&#8221;20&#8243; padding_right=&#8221;20&#8243; url=&#8221;https:\/\/teatrocomunalemodena.vivaticket.it\/it\/event\/i-virtuosi-italiani-alberto-martini\/284702&#8243;][\/vc_column_inner][\/vc_row_inner][vc_row_inner equal_height=&#8221;yes&#8221; content_placement=&#8221;top&#8221; column_margin=&#8221;default&#8221; column_direction=&#8221;default&#8221; column_direction_tablet=&#8221;default&#8221; column_direction_phone=&#8221;default&#8221; text_align=&#8221;left&#8221; row_position=&#8221;default&#8221; row_position_tablet=&#8221;inherit&#8221; row_position_phone=&#8221;inherit&#8221; overflow=&#8221;visible&#8221; pointer_events=&#8221;all&#8221; class=&#8221;tm__singleresult&#8221;][vc_column_inner top_padding_desktop=&#8221;16&#8243; constrain_group_100=&#8221;yes&#8221; bottom_padding_desktop=&#8221;16&#8243; left_padding_desktop=&#8221;16&#8243; constrain_group_101=&#8221;yes&#8221; right_padding_desktop=&#8221;16&#8243; column_element_direction_desktop=&#8221;default&#8221; column_element_spacing=&#8221;default&#8221; desktop_text_alignment=&#8221;default&#8221; tablet_text_alignment=&#8221;default&#8221; phone_text_alignment=&#8221;default&#8221; background_color_opacity=&#8221;1&#8243; background_hover_color_opacity=&#8221;1&#8243; background_image=&#8221;758&#8243; background_image_position=&#8221;center center&#8221; background_image_stacking=&#8221;default&#8221; enable_bg_scale=&#8221;true&#8221; background_image_loading=&#8221;lazy-load&#8221; column_backdrop_filter=&#8221;none&#8221; font_color=&#8221;#ffffff&#8221; column_shadow=&#8221;none&#8221; column_border_radius=&#8221;none&#8221; column_link_target=&#8221;_self&#8221; overflow=&#8221;visible&#8221; enable_gradient=&#8221;true&#8221; color_overlay=&#8221;rgba(0,0,0,0.33)&#8221; color_overlay_2=&#8221;#000000&#8243; gradient_direction=&#8221;top_to_bottom&#8221; overlay_strength=&#8221;0.5&#8243; width=&#8221;1\/2&#8243; tablet_width_inherit=&#8221;default&#8221; animation_type=&#8221;default&#8221; bg_image_animation=&#8221;none&#8221; border_type=&#8221;simple&#8221; column_border_width=&#8221;none&#8221; column_border_style=&#8221;solid&#8221; column_padding_type=&#8221;advanced&#8221; gradient_type=&#8221;default&#8221;][divider line_type=&#8221;No Line&#8221; custom_height=&#8221;320&#8243;][\/vc_column_inner][vc_column_inner column_padding=&#8221;padding-5-percent&#8221; column_padding_tablet=&#8221;inherit&#8221; column_padding_phone=&#8221;inherit&#8221; column_padding_position=&#8221;all&#8221; column_element_direction_desktop=&#8221;default&#8221; column_element_spacing=&#8221;default&#8221; desktop_text_alignment=&#8221;default&#8221; tablet_text_alignment=&#8221;default&#8221; phone_text_alignment=&#8221;default&#8221; background_color_opacity=&#8221;1&#8243; background_hover_color_opacity=&#8221;1&#8243; column_backdrop_filter=&#8221;none&#8221; column_shadow=&#8221;none&#8221; column_border_radius=&#8221;none&#8221; column_link_target=&#8221;_self&#8221; overflow=&#8221;visible&#8221; gradient_direction=&#8221;left_to_right&#8221; overlay_strength=&#8221;0.3&#8243; width=&#8221;1\/2&#8243; tablet_width_inherit=&#8221;default&#8221; animation_type=&#8221;default&#8221; bg_image_animation=&#8221;none&#8221; border_type=&#8221;simple&#8221; column_border_width=&#8221;none&#8221; column_border_style=&#8221;solid&#8221; column_padding_type=&#8221;default&#8221; gradient_type=&#8221;default&#8221;][vc_column_text css=&#8221;&#8221; text_direction=&#8221;default&#8221;]\n<h3 data-start=\"73\" data-end=\"111\"><strong data-start=\"73\" data-end=\"109\">Stuttgart Philharmonic Orchestra<\/strong><\/h3>\n<p data-start=\"113\" data-end=\"188\">Pavarotti-Freni Municipal Theatre<br data-start=\"146\" data-end=\"149\" \/><strong data-start=\"149\" data-end=\"186\">Tuesday, April 14, 2026 \u2013 8:30 PM<\/strong><\/p>\n<hr data-start=\"190\" data-end=\"193\" \/>\n<p data-start=\"195\" data-end=\"295\"><strong data-start=\"195\" data-end=\"231\">Stuttgart Philharmonic Orchestra<\/strong><br data-start=\"231\" data-end=\"234\" \/><strong data-start=\"234\" data-end=\"248\">Conductor:<\/strong> Martin Rajna<br data-start=\"261\" data-end=\"264\" \/><strong data-start=\"264\" data-end=\"274\">Piano:<\/strong> Clayton Stephenson<\/p>\n<p data-start=\"297\" data-end=\"346\"><strong data-start=\"297\" data-end=\"315\">ANTON\u00cdN DVO\u0158\u00c1K<\/strong><br data-start=\"315\" data-end=\"318\" \/><em data-start=\"318\" data-end=\"344\">Carnival Overture, Op.92<\/em><\/p>\n<p data-start=\"348\" data-end=\"422\"><strong data-start=\"348\" data-end=\"373\">P\u00cbTR IL\u2019I\u010c \u010cAJKOVSKIJ<\/strong><br data-start=\"373\" data-end=\"376\" \/><em data-start=\"376\" data-end=\"420\">Piano Concerto No.1 in B-flat Minor, Op.23<\/em><\/p>\n<p data-start=\"424\" data-end=\"481\"><strong data-start=\"424\" data-end=\"443\">JOHANNES BRAHMS<\/strong><br data-start=\"443\" data-end=\"446\" \/><em data-start=\"446\" data-end=\"479\">Symphony No.2 in D Major, Op.73<\/em><\/p>\n[\/vc_column_text][divider line_type=&#8221;No Line&#8221; custom_height=&#8221;32&#8243;][nectar_cta btn_style=&#8221;arrow-animation&#8221; heading_tag=&#8221;h6&#8243; button_color=&#8221;default&#8221; text_color=&#8221;#000000&#8243; button_border_color=&#8221;#cccccc&#8221; button_border_color_hover=&#8221;#0a0a0a&#8221; button_border_thickness=&#8221;1px&#8221; link_type=&#8221;new_tab&#8221; alignment=&#8221;left&#8221; alignment_tablet=&#8221;default&#8221; alignment_phone=&#8221;default&#8221; constrain_group_3=&#8221;yes&#8221; constrain_group_4=&#8221;yes&#8221; display=&#8221;inline&#8221; display_tablet=&#8221;inline-block&#8221; display_phone=&#8221;inline-block&#8221; link_text=&#8221;Details&#8221; margin_top=&#8221;30&#8243; padding_top=&#8221;10&#8243; padding_bottom=&#8221;10&#8243; padding_left=&#8221;20&#8243; padding_right=&#8221;20&#8243; url=&#8221;https:\/\/www.teatrocomunalemodena.it\/spettacolo\/stuttgart-philharmonic-orchestra-2026\/&#8221; margin_right=&#8221;5&#8243;][nectar_cta btn_style=&#8221;arrow-animation&#8221; heading_tag=&#8221;h6&#8243; button_color=&#8221;default&#8221; text_color=&#8221;#000000&#8243; button_border_color=&#8221;#cccccc&#8221; button_border_color_hover=&#8221;#0a0a0a&#8221; button_border_thickness=&#8221;1px&#8221; link_type=&#8221;new_tab&#8221; alignment=&#8221;left&#8221; alignment_tablet=&#8221;default&#8221; alignment_phone=&#8221;default&#8221; constrain_group_3=&#8221;yes&#8221; constrain_group_4=&#8221;yes&#8221; display=&#8221;inline&#8221; display_tablet=&#8221;inline-block&#8221; display_phone=&#8221;inline-block&#8221; link_text=&#8221;Buy online&#8221; margin_top=&#8221;30&#8243; padding_top=&#8221;10&#8243; padding_bottom=&#8221;10&#8243; padding_left=&#8221;20&#8243; padding_right=&#8221;20&#8243; url=&#8221;https:\/\/teatrocomunalemodena.vivaticket.it\/it\/event\/stuttgart-philharmonic-orchestra-martin-rajna\/284625&#8243;][\/vc_column_inner][\/vc_row_inner][vc_row_inner equal_height=&#8221;yes&#8221; content_placement=&#8221;top&#8221; column_margin=&#8221;default&#8221; column_direction=&#8221;default&#8221; column_direction_tablet=&#8221;default&#8221; column_direction_phone=&#8221;default&#8221; text_align=&#8221;left&#8221; row_position=&#8221;default&#8221; row_position_tablet=&#8221;inherit&#8221; row_position_phone=&#8221;inherit&#8221; overflow=&#8221;visible&#8221; pointer_events=&#8221;all&#8221; class=&#8221;tm__singleresult&#8221;][vc_column_inner top_padding_desktop=&#8221;16&#8243; constrain_group_100=&#8221;yes&#8221; bottom_padding_desktop=&#8221;16&#8243; left_padding_desktop=&#8221;16&#8243; constrain_group_101=&#8221;yes&#8221; right_padding_desktop=&#8221;16&#8243; column_element_direction_desktop=&#8221;default&#8221; column_element_spacing=&#8221;default&#8221; desktop_text_alignment=&#8221;default&#8221; tablet_text_alignment=&#8221;default&#8221; phone_text_alignment=&#8221;default&#8221; background_color_opacity=&#8221;1&#8243; background_hover_color_opacity=&#8221;1&#8243; background_image=&#8221;756&#8243; background_image_position=&#8221;center center&#8221; background_image_stacking=&#8221;default&#8221; enable_bg_scale=&#8221;true&#8221; background_image_loading=&#8221;lazy-load&#8221; column_backdrop_filter=&#8221;none&#8221; font_color=&#8221;#ffffff&#8221; column_shadow=&#8221;none&#8221; column_border_radius=&#8221;none&#8221; column_link_target=&#8221;_self&#8221; overflow=&#8221;visible&#8221; enable_gradient=&#8221;true&#8221; color_overlay=&#8221;rgba(0,0,0,0.33)&#8221; color_overlay_2=&#8221;#000000&#8243; gradient_direction=&#8221;top_to_bottom&#8221; overlay_strength=&#8221;0.5&#8243; width=&#8221;1\/2&#8243; tablet_width_inherit=&#8221;default&#8221; animation_type=&#8221;default&#8221; bg_image_animation=&#8221;none&#8221; border_type=&#8221;simple&#8221; column_border_width=&#8221;none&#8221; column_border_style=&#8221;solid&#8221; column_padding_type=&#8221;advanced&#8221; gradient_type=&#8221;default&#8221;][divider line_type=&#8221;No Line&#8221; custom_height=&#8221;320&#8243;][\/vc_column_inner][vc_column_inner column_padding=&#8221;padding-5-percent&#8221; column_padding_tablet=&#8221;inherit&#8221; column_padding_phone=&#8221;inherit&#8221; column_padding_position=&#8221;all&#8221; column_element_direction_desktop=&#8221;default&#8221; column_element_spacing=&#8221;default&#8221; desktop_text_alignment=&#8221;default&#8221; tablet_text_alignment=&#8221;default&#8221; phone_text_alignment=&#8221;default&#8221; background_color_opacity=&#8221;1&#8243; background_hover_color_opacity=&#8221;1&#8243; column_backdrop_filter=&#8221;none&#8221; column_shadow=&#8221;none&#8221; column_border_radius=&#8221;none&#8221; column_link_target=&#8221;_self&#8221; overflow=&#8221;visible&#8221; gradient_direction=&#8221;left_to_right&#8221; overlay_strength=&#8221;0.3&#8243; width=&#8221;1\/2&#8243; tablet_width_inherit=&#8221;default&#8221; animation_type=&#8221;default&#8221; bg_image_animation=&#8221;none&#8221; border_type=&#8221;simple&#8221; column_border_width=&#8221;none&#8221; column_border_style=&#8221;solid&#8221; column_padding_type=&#8221;default&#8221; gradient_type=&#8221;default&#8221;][vc_column_text css=&#8221;&#8221; text_direction=&#8221;default&#8221;]\n<h3 data-start=\"113\" data-end=\"132\"><strong data-start=\"113\" data-end=\"130\">Barry Douglas<\/strong><\/h3>\n<p data-start=\"134\" data-end=\"211\">Pavarotti-Freni Municipal Theatre<br data-start=\"167\" data-end=\"170\" \/><strong data-start=\"170\" data-end=\"209\">Wednesday, April 29, 2026 \u2013 8:30 PM<\/strong><\/p>\n<hr data-start=\"213\" data-end=\"216\" \/>\n<p data-start=\"218\" data-end=\"255\"><strong data-start=\"218\" data-end=\"235\">Barry Douglas<\/strong><br data-start=\"235\" data-end=\"238\" \/><em data-start=\"238\" data-end=\"253\">Piano Recital<\/em><\/p>\n<p data-start=\"257\" data-end=\"458\"><strong data-start=\"257\" data-end=\"269\">Program:<\/strong><br data-start=\"269\" data-end=\"272\" \/><strong data-start=\"272\" data-end=\"286\">JOHN FIELD<\/strong> \u2013 <em data-start=\"289\" data-end=\"302\">2 Nocturnes<\/em><br data-start=\"302\" data-end=\"305\" \/><strong data-start=\"305\" data-end=\"323\">FRANZ SCHUBERT<\/strong> \u2013 <em data-start=\"326\" data-end=\"352\">Sonata in A Minor, D.845<\/em><br data-start=\"352\" data-end=\"355\" \/><strong data-start=\"355\" data-end=\"379\">LUDWIG VAN BEETHOVEN<\/strong> \u2013 <em data-start=\"382\" data-end=\"417\">Sonata in F Minor, \u201cAppassionata\u201d<\/em><br data-start=\"417\" data-end=\"420\" data-is-only-node=\"\" \/><strong data-start=\"420\" data-end=\"440\">SERGEJ PROKOFIEV<\/strong> \u2013 <em data-start=\"443\" data-end=\"456\">Sonata No.7<\/em><\/p>\n[\/vc_column_text][divider line_type=&#8221;No Line&#8221; custom_height=&#8221;32&#8243;][nectar_cta btn_style=&#8221;arrow-animation&#8221; heading_tag=&#8221;h6&#8243; button_color=&#8221;default&#8221; text_color=&#8221;#000000&#8243; button_border_color=&#8221;#cccccc&#8221; button_border_color_hover=&#8221;#0a0a0a&#8221; button_border_thickness=&#8221;1px&#8221; link_type=&#8221;new_tab&#8221; alignment=&#8221;left&#8221; alignment_tablet=&#8221;default&#8221; alignment_phone=&#8221;default&#8221; constrain_group_3=&#8221;yes&#8221; constrain_group_4=&#8221;yes&#8221; display=&#8221;inline&#8221; display_tablet=&#8221;inline-block&#8221; display_phone=&#8221;inline-block&#8221; link_text=&#8221;Details&#8221; margin_top=&#8221;30&#8243; padding_top=&#8221;10&#8243; padding_bottom=&#8221;10&#8243; padding_left=&#8221;20&#8243; padding_right=&#8221;20&#8243; url=&#8221;https:\/\/www.teatrocomunalemodena.it\/spettacolo\/barry-douglas\/&#8221; margin_right=&#8221;5&#8243;][nectar_cta btn_style=&#8221;arrow-animation&#8221; heading_tag=&#8221;h6&#8243; button_color=&#8221;default&#8221; text_color=&#8221;#000000&#8243; button_border_color=&#8221;#cccccc&#8221; button_border_color_hover=&#8221;#0a0a0a&#8221; button_border_thickness=&#8221;1px&#8221; link_type=&#8221;new_tab&#8221; alignment=&#8221;left&#8221; alignment_tablet=&#8221;default&#8221; alignment_phone=&#8221;default&#8221; constrain_group_3=&#8221;yes&#8221; constrain_group_4=&#8221;yes&#8221; display=&#8221;inline&#8221; display_tablet=&#8221;inline-block&#8221; display_phone=&#8221;inline-block&#8221; link_text=&#8221;Buy online&#8221; margin_top=&#8221;30&#8243; padding_top=&#8221;10&#8243; padding_bottom=&#8221;10&#8243; padding_left=&#8221;20&#8243; padding_right=&#8221;20&#8243; url=&#8221;https:\/\/teatrocomunalemodena.vivaticket.it\/it\/event\/barry-douglas-recital-pianistico\/284701&#8243;][\/vc_column_inner][\/vc_row_inner][\/vc_column][\/vc_row]\n","protected":false},"excerpt":{"rendered":"<p>[vc_row type=&#8221;full_width_background&#8221; full_screen_row_position=&#8221;middle&#8221; column_margin=&#8221;default&#8221; equal_height=&#8221;yes&#8221; content_placement=&#8221;bottom&#8221; column_direction=&#8221;default&#8221; column_direction_tablet=&#8221;default&#8221; column_direction_phone=&#8221;default&#8221; bg_color=&#8221;#cc5d33&#8243; bg_image=&#8221;286&#8243; bg_position=&#8221;left top&#8221; background_image_loading=&#8221;lazy-load&#8221; bg_repeat=&#8221;no-repeat&#8221; scene_position=&#8221;center&#8221; top_padding=&#8221;256&#8243; bottom_padding=&#8221;64&#8243; text_color=&#8221;light&#8221; text_align=&#8221;left&#8221; row_border_radius=&#8221;none&#8221; row_border_radius_applies=&#8221;bg&#8221; overflow=&#8221;visible&#8221; id=&#8221;hero&#8221; color_overlay=&#8221;#cc5d33&#8243; overlay_strength=&#8221;0.8&#8243; gradient_direction=&#8221;left_to_right&#8221; shape_divider_position=&#8221;bottom&#8221; bg_image_animation=&#8221;none&#8221; parallax_bg=&#8221;true&#8221;&#8230;<\/p>\n","protected":false},"author":1,"featured_media":0,"parent":0,"menu_order":0,"comment_status":"closed","ping_status":"closed","template":"","meta":{"footnotes":""},"class_list":["post-284","page","type-page","status-publish"],"_links":{"self":[{"href":"https:\/\/www.teatrocomunalemodena.it\/lang\/en\/wp-json\/wp\/v2\/pages\/284","targetHints":{"allow":["GET"]}}],"collection":[{"href":"https:\/\/www.teatrocomunalemodena.it\/lang\/en\/wp-json\/wp\/v2\/pages"}],"about":[{"href":"https:\/\/www.teatrocomunalemodena.it\/lang\/en\/wp-json\/wp\/v2\/types\/page"}],"author":[{"embeddable":true,"href":"https:\/\/www.teatrocomunalemodena.it\/lang\/en\/wp-json\/wp\/v2\/users\/1"}],"replies":[{"embeddable":true,"href":"https:\/\/www.teatrocomunalemodena.it\/lang\/en\/wp-json\/wp\/v2\/comments?post=284"}],"version-history":[{"count":28,"href":"https:\/\/www.teatrocomunalemodena.it\/lang\/en\/wp-json\/wp\/v2\/pages\/284\/revisions"}],"predecessor-version":[{"id":804,"href":"https:\/\/www.teatrocomunalemodena.it\/lang\/en\/wp-json\/wp\/v2\/pages\/284\/revisions\/804"}],"wp:attachment":[{"href":"https:\/\/www.teatrocomunalemodena.it\/lang\/en\/wp-json\/wp\/v2\/media?parent=284"}],"curies":[{"name":"wp","href":"https:\/\/api.w.org\/{rel}","templated":true}]}}